{"id":2111,"date":"2020-03-16T07:42:01","date_gmt":"2020-03-16T07:42:01","guid":{"rendered":"http:\/\/gvcoftalmologia.com\/especialidades\/pediatrica\/"},"modified":"2023-06-26T11:04:05","modified_gmt":"2023-06-26T11:04:05","slug":"pediatrica","status":"publish","type":"page","link":"https:\/\/gvcoftalmologia.com\/ca\/especialidades\/pediatrica\/","title":{"rendered":"Pedi\u00e0trica"},"content":{"rendered":"\n<style type=\"text\/css\" data-created_by=\"avia_inline_auto\" id=\"style-css-av-abasuy-f7f7a4a66c3e52363f92af659e33218f\">\n.avia-section.av-abasuy-f7f7a4a66c3e52363f92af659e33218f{\nbackground-color:#036375;\nbackground:linear-gradient( to right, #036375, #19dee5 );\n}\n<\/style>\n<div id='av_section_1'  class='avia-section av-abasuy-f7f7a4a66c3e52363f92af659e33218f main_color avia-section-default avia-no-border-styling  avia-builder-el-0  el_before_av_slideshow_full  avia-builder-el-first  avia-bg-style-scroll container_wrap sidebar_right'  ><div class='container av-section-cont-open' ><main  role=\"main\" itemprop=\"mainContentOfPage\"  class='template-page content  av-content-small alpha units'><div class='post-entry post-entry-type-page post-entry-2111'><div class='entry-content-wrapper clearfix'>\n\n<style type=\"text\/css\" data-created_by=\"avia_inline_auto\" id=\"style-css-av-9hj4m2-c9519031fe1a60680d3eb28935e977f7\">\n.flex_column.av-9hj4m2-c9519031fe1a60680d3eb28935e977f7{\nborder-radius:0px 0px 0px 0px;\npadding:0px 0px 0px 0px;\n}\n<\/style>\n<div  class='flex_column av-9hj4m2-c9519031fe1a60680d3eb28935e977f7 av_one_full  avia-builder-el-1  avia-builder-el-no-sibling  first flex_column_div av-zero-column-padding  '     ><style type=\"text\/css\" data-created_by=\"avia_inline_auto\" id=\"style-css-av-k6qe114i-50bbf972ad7533d89362cfd0a15b89a6\">\n#top .av_textblock_section.av-k6qe114i-50bbf972ad7533d89362cfd0a15b89a6 .avia_textblock{\ncolor:#ffffff;\n}\n<\/style>\n<section  class='av_textblock_section av-k6qe114i-50bbf972ad7533d89362cfd0a15b89a6 '   itemscope=\"itemscope\" itemtype=\"https:\/\/schema.org\/CreativeWork\" ><div class='avia_textblock av_inherit_color'  itemprop=\"text\" ><h2 style=\"text-align: center;\">PEDI\u00c0TRICA<\/h2>\n<\/div><\/section><\/div>\n\n<\/div><\/div><\/main><!-- close content main element --><\/div><\/div><div id='full_slider_1'  class='avia-fullwidth-slider main_color avia-shadow   avia-builder-el-3  el_after_av_section  el_before_av_section   slider-not-first container_wrap sidebar_right'  ><div  class='avia-slideshow av-k76488rz-247fe7291ccf2865718706c485371f27 avia-slideshow-featured av_slideshow_full avia-slide-slider av-slideshow-ui av-control-default av-slideshow-manual av-loop-once av-loop-manual-endless av-default-height-applied   avia-slideshow-1' data-slideshow-options=\"{&quot;animation&quot;:&quot;slide&quot;,&quot;autoplay&quot;:false,&quot;loop_autoplay&quot;:&quot;once&quot;,&quot;interval&quot;:5,&quot;loop_manual&quot;:&quot;manual-endless&quot;,&quot;autoplay_stopper&quot;:false,&quot;noNavigation&quot;:false,&quot;bg_slider&quot;:false,&quot;keep_padding&quot;:false,&quot;hoverpause&quot;:false,&quot;show_slide_delay&quot;:0}\"  itemprop=\"image\" itemscope=\"itemscope\" itemtype=\"https:\/\/schema.org\/ImageObject\" ><ul class='avia-slideshow-inner ' style='padding-bottom: 35.833333333333%;'><li  class='avia-slideshow-slide av-k76488rz-247fe7291ccf2865718706c485371f27__0  av-single-slide slide-1 slide-odd'><div data-rel='slideshow-1' class='avia-slide-wrap '   ><img decoding=\"async\" fetchpriority=\"high\" class=\"wp-image-3729 avia-img-lazy-loading-not-3729\"  src=\"https:\/\/gvcoftalmologia.com\/wp-content\/uploads\/2023\/06\/pediatrica2-1200x430.jpg\" width=\"1200\" height=\"430\" title='pediatrica2' alt=''  itemprop=\"thumbnailUrl\"   \/><\/div><\/li><\/ul><\/div><\/div>\n<div id='av_section_2'  class='avia-section av-3947s0-c58cc6f779a17e66374bfffeb64ee61a main_color avia-section-default avia-no-border-styling  avia-builder-el-4  el_after_av_slideshow_full  el_before_av_slideshow_accordion  avia-bg-style-scroll container_wrap sidebar_right'  ><div class='container av-section-cont-open' ><div class='template-page content  av-content-small alpha units'><div class='post-entry post-entry-type-page post-entry-2111'><div class='entry-content-wrapper clearfix'>\n\n<style type=\"text\/css\" data-created_by=\"avia_inline_auto\" id=\"style-css-av-98gwq-6836d539c087f54531aca2ee5b2efe85\">\n.flex_column.av-98gwq-6836d539c087f54531aca2ee5b2efe85{\nborder-radius:0px 0px 0px 0px;\npadding:0px 0px 0px 0px;\n}\n<\/style>\n<div  class='flex_column av-98gwq-6836d539c087f54531aca2ee5b2efe85 av_one_full  avia-builder-el-5  el_before_av_one_half  avia-builder-el-first  first flex_column_div av-zero-column-padding  '     ><section  class='av_textblock_section av-k738nbjh-5b816ea86cded8c7f2bd8c6a4c113dd2 '   itemscope=\"itemscope\" itemtype=\"https:\/\/schema.org\/CreativeWork\" ><div class='avia_textblock'  itemprop=\"text\" ><p><strong>Qu\u00e8 \u00e9s l&#8217;oftalmologia pedi\u00e0trica?<\/strong><\/p>\n<p>L&#8217;oftalmologia pedi\u00e0trica \u00e9s l&#8217;especialitat oftalmol\u00f2gica encarregada de tractar els problemes de visi\u00f3 dels nens. En aquesta especialitat \u00e9s vital la prevenci\u00f3 ja que d&#8217;aquesta manera podrem detectar patologies oculars com m\u00e9s aviat millor i aix\u00ed poder evitar problemes majors en un futur.<\/p>\n<p>Els primers anys de vida fins als 7 o 8 anys, s\u00f3n crucials per a un correcte desenvolupament visual, per la qual cosa \u00e9s imprescindible fer una revisi\u00f3 a l&#8217;any, encara que no existeixin mol\u00e8sties ni sospites de cap alteraci\u00f3.<\/p>\n<p>\u00c9s molt important que l&#8217;evoluci\u00f3 visual d&#8217;un nen sigui correcta i completa per al seu correcte desenvolupament, els oftalm\u00f2legs pedi\u00e0trics s&#8217;ocupen de la detecci\u00f3 de qualsevol trastorn visual infantil..<\/p>\n<p><strong>Quan acudir a l&#8217;oftalm\u00f2leg pediatre?<\/strong><\/p>\n<p>Per regla general la primera visita es recomana als 3 o 4 anys.<\/p>\n<p>En casos en qu\u00e8 es tracti d&#8217;un part prematur, que existeixi llagrimeig constant, antecedents en la fam\u00edlia de graduacions molt elevades o la desviaci\u00f3 d&#8217;un o tots dos ulls, no hem d&#8217;esperar a aquestes edats,<br \/>\ns&#8217;hauria de realitzar una revisi\u00f3 en un curt per\u00edode de temps.<\/p>\n<p>Posterior a la visita rutin\u00e0ria de 3 anys s&#8217;hauria de realitzar una visita oftalmol\u00f2gica anual fins als 14 anys.<\/p>\n<p><strong>Alteracions visuals en nens<\/strong><\/p>\n<p>Alguns dels motius m\u00e9s freq\u00fcents pels quals els nens haurien de realitzar una visita a l&#8217;oftalm\u00f2leg abans<br \/>\nd&#8217;un any s\u00f3n:<\/p>\n<\/div><\/section><\/div>\n<style type=\"text\/css\" data-created_by=\"avia_inline_auto\" id=\"style-css-av-4i4dhg-8aa5a1732da7e4c67ac51399ae483cfc\">\n.flex_column.av-4i4dhg-8aa5a1732da7e4c67ac51399ae483cfc{\nborder-radius:0px 0px 0px 0px;\npadding:0px 0px 0px 0px;\n}\n<\/style>\n<div  class='flex_column av-4i4dhg-8aa5a1732da7e4c67ac51399ae483cfc av_one_half  avia-builder-el-7  el_after_av_one_full  el_before_av_one_half  first flex_column_div av-zero-column-padding  column-top-margin'     ><style type=\"text\/css\" data-created_by=\"avia_inline_auto\" id=\"style-css-av-k6qebp5h-0d6ac38b869bbb0c119ff3442435e4ad\">\n#top .avia-icon-list-container.av-k6qebp5h-0d6ac38b869bbb0c119ff3442435e4ad .iconlist_icon{\nbackground-color:#1499b5;\n}\n<\/style>\n<div  class='avia-icon-list-container av-k6qebp5h-0d6ac38b869bbb0c119ff3442435e4ad  avia-builder-el-8  avia-builder-el-no-sibling '><ul class='avia-icon-list avia_animate_when_almost_visible avia-icon-list-left av-iconlist-big av-k6qebp5h-0d6ac38b869bbb0c119ff3442435e4ad avia-iconlist-animate'>\n<li><div class='iconlist_icon av-c6y2x0-308b7d358dd15472810dd77a87dc4d87 avia-font-entypo-fontello'><span class='iconlist-char' aria-hidden='true' data-av_icon='\ue871' data-av_iconfont='entypo-fontello'><\/span><\/div><article class=\"article-icon-entry av-iconlist-empty\"  itemscope=\"itemscope\" itemtype=\"https:\/\/schema.org\/CreativeWork\" ><div class=\"iconlist_content_wrap\"><header class=\"entry-content-header\"><h4 class='av_iconlist_title iconlist_title  '  itemprop=\"headline\" >Acostar-se excessivament a la televisi\u00f3 o al paper mentre llegeixen o escriuen.<\/h4><\/header><div class='iconlist_content '  itemprop=\"text\" ><\/div><\/div><footer class=\"entry-footer\"><\/footer><\/article><div class=\"iconlist-timeline\"><\/div><\/li>\n<li><div class='iconlist_icon av-bed25w-20a87dfc8142776cbbdc00ba544b88e3 avia-font-entypo-fontello'><span class='iconlist-char' aria-hidden='true' data-av_icon='\ue871' data-av_iconfont='entypo-fontello'><\/span><\/div><article class=\"article-icon-entry av-iconlist-empty\"  itemscope=\"itemscope\" itemtype=\"https:\/\/schema.org\/CreativeWork\" ><div class=\"iconlist_content_wrap\"><header class=\"entry-content-header\"><h4 class='av_iconlist_title iconlist_title  '  itemprop=\"headline\" >Ajustar els ulls mentre estan mirant un objecte lluny\u00e0 o llegint un cartell.<\/h4><\/header><div class='iconlist_content '  itemprop=\"text\" ><\/div><\/div><footer class=\"entry-footer\"><\/footer><\/article><div class=\"iconlist-timeline\"><\/div><\/li>\n<li><div class='iconlist_icon av-9mbgmc-cffc5d3a289ba1ddc8643e652f860da8 avia-font-entypo-fontello'><span class='iconlist-char' aria-hidden='true' data-av_icon='\ue871' data-av_iconfont='entypo-fontello'><\/span><\/div><article class=\"article-icon-entry av-iconlist-empty\"  itemscope=\"itemscope\" itemtype=\"https:\/\/schema.org\/CreativeWork\" ><div class=\"iconlist_content_wrap\"><header class=\"entry-content-header\"><h4 class='av_iconlist_title iconlist_title  '  itemprop=\"headline\" >Sequedat ocular o necessitat de fregar els ulls de manera regular.<\/h4><\/header><div class='iconlist_content '  itemprop=\"text\" ><\/div><\/div><footer class=\"entry-footer\"><\/footer><\/article><div class=\"iconlist-timeline\"><\/div><\/li>\n<li><div class='iconlist_icon av-7cmkpg-f8071166fd1e97c227ef2219f7f2db7d avia-font-entypo-fontello'><span class='iconlist-char' aria-hidden='true' data-av_icon='\ue871' data-av_iconfont='entypo-fontello'><\/span><\/div><article class=\"article-icon-entry av-iconlist-empty\"  itemscope=\"itemscope\" itemtype=\"https:\/\/schema.org\/CreativeWork\" ><div class=\"iconlist_content_wrap\"><header class=\"entry-content-header\"><h4 class='av_iconlist_title iconlist_title  '  itemprop=\"headline\" >Ulls vermells o mol\u00e8sties oculars de manera regular.<\/h4><\/header><div class='iconlist_content '  itemprop=\"text\" ><\/div><\/div><footer class=\"entry-footer\"><\/footer><\/article><div class=\"iconlist-timeline\"><\/div><\/li>\n<\/ul><\/div><\/div>\n<style type=\"text\/css\" data-created_by=\"avia_inline_auto\" id=\"style-css-av-209f5g-0a2675d9d068aac06d63f26a46363e6e\">\n.flex_column.av-209f5g-0a2675d9d068aac06d63f26a46363e6e{\nborder-radius:0px 0px 0px 0px;\npadding:0px 0px 0px 0px;\n}\n<\/style>\n<div  class='flex_column av-209f5g-0a2675d9d068aac06d63f26a46363e6e av_one_half  avia-builder-el-9  el_after_av_one_half  el_before_av_one_full  flex_column_div av-zero-column-padding  column-top-margin'     ><style type=\"text\/css\" data-created_by=\"avia_inline_auto\" id=\"style-css-av-k6qebp5h-0d6ac38b869bbb0c119ff3442435e4ad\">\n#top .avia-icon-list-container.av-k6qebp5h-0d6ac38b869bbb0c119ff3442435e4ad .iconlist_icon{\nbackground-color:#1499b5;\n}\n<\/style>\n<div  class='avia-icon-list-container av-k6qebp5h-0d6ac38b869bbb0c119ff3442435e4ad  avia-builder-el-10  avia-builder-el-no-sibling '><ul class='avia-icon-list avia_animate_when_almost_visible avia-icon-list-left av-iconlist-big av-k6qebp5h-0d6ac38b869bbb0c119ff3442435e4ad avia-iconlist-animate'>\n<li><div class='iconlist_icon av-57gspg-1ea27a9ccf7f78357284884fd091ffea avia-font-entypo-fontello'><span class='iconlist-char' aria-hidden='true' data-av_icon='\ue871' data-av_iconfont='entypo-fontello'><\/span><\/div><article class=\"article-icon-entry av-iconlist-empty\"  itemscope=\"itemscope\" itemtype=\"https:\/\/schema.org\/CreativeWork\" ><div class=\"iconlist_content_wrap\"><header class=\"entry-content-header\"><h4 class='av_iconlist_title iconlist_title  '  itemprop=\"headline\" >Aparici\u00f3 de mussols de manera reiterada.<\/h4><\/header><div class='iconlist_content '  itemprop=\"text\" ><\/div><\/div><footer class=\"entry-footer\"><\/footer><\/article><div class=\"iconlist-timeline\"><\/div><\/li>\n<li><div class='iconlist_icon av-45zk6c-ddec5a4d1cc77a9a43fffe930b9935ce avia-font-entypo-fontello'><span class='iconlist-char' aria-hidden='true' data-av_icon='\ue871' data-av_iconfont='entypo-fontello'><\/span><\/div><article class=\"article-icon-entry av-iconlist-empty\"  itemscope=\"itemscope\" itemtype=\"https:\/\/schema.org\/CreativeWork\" ><div class=\"iconlist_content_wrap\"><header class=\"entry-content-header\"><h4 class='av_iconlist_title iconlist_title  '  itemprop=\"headline\" >Desviaci\u00f3 dels ulls.<\/h4><\/header><div class='iconlist_content '  itemprop=\"text\" ><\/div><\/div><footer class=\"entry-footer\"><\/footer><\/article><div class=\"iconlist-timeline\"><\/div><\/li>\n<li><div class='iconlist_icon av-24lgfo-d44b42d520beda56117c83d46f8192e6 avia-font-entypo-fontello'><span class='iconlist-char' aria-hidden='true' data-av_icon='\ue871' data-av_iconfont='entypo-fontello'><\/span><\/div><article class=\"article-icon-entry av-iconlist-empty\"  itemscope=\"itemscope\" itemtype=\"https:\/\/schema.org\/CreativeWork\" ><div class=\"iconlist_content_wrap\"><header class=\"entry-content-header\"><h4 class='av_iconlist_title iconlist_title  '  itemprop=\"headline\" >Difer\u00e8ncies de visi\u00f3 en tapar un ull o un altre.<\/h4><\/header><div class='iconlist_content '  itemprop=\"text\" ><\/div><\/div><footer class=\"entry-footer\"><\/footer><\/article><div class=\"iconlist-timeline\"><\/div><\/li>\n<\/ul><\/div><\/div>\n<style type=\"text\/css\" data-created_by=\"avia_inline_auto\" id=\"style-css-av-98gwq-6836d539c087f54531aca2ee5b2efe85\">\n.flex_column.av-98gwq-6836d539c087f54531aca2ee5b2efe85{\nborder-radius:0px 0px 0px 0px;\npadding:0px 0px 0px 0px;\n}\n<\/style>\n<div  class='flex_column av-98gwq-6836d539c087f54531aca2ee5b2efe85 av_one_full  avia-builder-el-11  el_after_av_one_half  avia-builder-el-last  first flex_column_div av-zero-column-padding  column-top-margin'     ><section  class='av_textblock_section av-k738nbjh-5b816ea86cded8c7f2bd8c6a4c113dd2 '   itemscope=\"itemscope\" itemtype=\"https:\/\/schema.org\/CreativeWork\" ><div class='avia_textblock'  itemprop=\"text\" ><p>Encara que la p\u00e8rdua de visi\u00f3 \u00e9s la primera causa per la qual es recomana una visita oftalmol\u00f2gica en pediatria existeixen moltes altres causes com l&#8217;obstrucci\u00f3 de les vies lacrimals, l&#8217;ambliopia o l&#8217;estrabisme que poden no causar simptomatologia per\u00f2 han de tractar-se com m\u00e9s aviat millor, per aix\u00f2 s\u00f3n importants les revisions anuals encara que no existeixin queixes espec\u00edfiques.<\/p>\n<\/div><\/section><\/div>\n\n\n<style type=\"text\/css\" data-created_by=\"avia_inline_auto\" id=\"style-css-av-k4145t5a-c5cc504e4e5374311475ab8411f73903\">\n.avia-accordion.av-k4145t5a-c5cc504e4e5374311475ab8411f73903{\nmax-height:430px;\n}\n.avia-accordion.av-k4145t5a-c5cc504e4e5374311475ab8411f73903 .aviaccordion-preview{\nwidth:13.1%;\n}\n#top .avia-accordion.av-k4145t5a-c5cc504e4e5374311475ab8411f73903 .aviaccordion-title{\nfont-size:18px;\n}\n\n@media only screen and (min-width: 768px) and (max-width: 989px){ \n#top .avia-accordion.av-k4145t5a-c5cc504e4e5374311475ab8411f73903 .aviaccordion-title{\nfont-size:14px;\n}\n}\n\n@media only screen and (min-width: 480px) and (max-width: 767px){ \n#top .avia-accordion.av-k4145t5a-c5cc504e4e5374311475ab8411f73903 .aviaccordion-title{\nfont-size:12px;\n}\n}\n\n@media only screen and (max-width: 479px){ \n#top .avia-accordion.av-k4145t5a-c5cc504e4e5374311475ab8411f73903 .aviaccordion-title{\nfont-size:10px;\n}\n}\n.avia-accordion .aviaccordion-slide.av-k4145t5a-c5cc504e4e5374311475ab8411f73903__0{\nleft:0%;\n}\n.avia-accordion .aviaccordion-slide.av-k4145t5a-c5cc504e4e5374311475ab8411f73903__1{\nleft:12.5%;\n}\n.avia-accordion .aviaccordion-slide.av-k4145t5a-c5cc504e4e5374311475ab8411f73903__2{\nleft:25%;\n}\n.avia-accordion .aviaccordion-slide.av-k4145t5a-c5cc504e4e5374311475ab8411f73903__3{\nleft:37.5%;\n}\n.avia-accordion .aviaccordion-slide.av-k4145t5a-c5cc504e4e5374311475ab8411f73903__4{\nleft:50%;\n}\n.avia-accordion .aviaccordion-slide.av-k4145t5a-c5cc504e4e5374311475ab8411f73903__5{\nleft:62.5%;\n}\n.avia-accordion .aviaccordion-slide.av-k4145t5a-c5cc504e4e5374311475ab8411f73903__6{\nleft:75%;\n}\n.avia-accordion .aviaccordion-slide.av-k4145t5a-c5cc504e4e5374311475ab8411f73903__7{\nleft:87.5%;\n}\n<\/style>\n<div  id=\"accordion_slider_1\"  class='aviaccordion avia-accordion av-k4145t5a-c5cc504e4e5374311475ab8411f73903 aviaccordion-title-active av-slideshow-manual av-loop-once ' data-slideshow-options=\"{&quot;interval&quot;:5,&quot;autoplay&quot;:false,&quot;loop_autoplay&quot;:&quot;once&quot;}\"  itemscope=\"itemscope\" itemtype=\"https:\/\/schema.org\/Blog\" ><ul class=\"aviaccordion-inner\"><li class='aviaccordion-slide av-k4145t5a-c5cc504e4e5374311475ab8411f73903__0 aviaccordion-slide-1' data-av-left='0'  itemscope=\"itemscope\" itemtype=\"https:\/\/schema.org\/CreativeWork\" ><a class='aviaccordion-slide-link noHover' href=\"https:\/\/gvcoftalmologia.com\/ca\/especialidades\/oculoplastia\/?lang=ca\"  ><div class='aviaccordion-preview '><div class=\"aviaccordion-preview-title-pos\"><div class=\"aviaccordion-preview-title-wrap\"><div class=\"aviaccordion-preview-title\"><h3 class='aviaccordion-title '  itemprop=\"headline\" >OCULOPLASTIA<\/h3><\/div><\/div><\/div><\/div><img loading=\"lazy\" decoding=\"async\" width=\"1500\" height=\"430\" src=\"https:\/\/gvcoftalmologia.com\/wp-content\/uploads\/2023\/06\/oculoplastica-1-1500x430.jpg\" class=\"aviaccordion-image\" alt=\"\" \/><\/a><\/li><li class='aviaccordion-slide av-k4145t5a-c5cc504e4e5374311475ab8411f73903__1 aviaccordion-slide-2' data-av-left='12.5'  itemscope=\"itemscope\" itemtype=\"https:\/\/schema.org\/CreativeWork\" ><a class='aviaccordion-slide-link noHover' href=\"https:\/\/gvcoftalmologia.com\/ca\/especialidades\/retina-y-vitreo\/\"  ><div class='aviaccordion-preview '><div class=\"aviaccordion-preview-title-pos\"><div class=\"aviaccordion-preview-title-wrap\"><div class=\"aviaccordion-preview-title\"><h3 class='aviaccordion-title '  itemprop=\"headline\" >RETINA I VITRI<\/h3><\/div><\/div><\/div><\/div><img loading=\"lazy\" decoding=\"async\" width=\"1500\" height=\"430\" src=\"https:\/\/gvcoftalmologia.com\/wp-content\/uploads\/2023\/06\/retina2-1500x430.jpg\" class=\"aviaccordion-image\" alt=\"\" \/><\/a><\/li><li class='aviaccordion-slide av-k4145t5a-c5cc504e4e5374311475ab8411f73903__2 aviaccordion-slide-3' data-av-left='25'  itemscope=\"itemscope\" itemtype=\"https:\/\/schema.org\/CreativeWork\" ><a class='aviaccordion-slide-link noHover' href=\"https:\/\/gvcoftalmologia.com\/ca\/especialidades\/glaucoma\/?lang=ca\"  ><div class='aviaccordion-preview '><div class=\"aviaccordion-preview-title-pos\"><div class=\"aviaccordion-preview-title-wrap\"><div class=\"aviaccordion-preview-title\"><h3 class='aviaccordion-title '  itemprop=\"headline\" >GLAUCOMA<\/h3><\/div><\/div><\/div><\/div><img loading=\"lazy\" decoding=\"async\" width=\"1500\" height=\"430\" src=\"https:\/\/gvcoftalmologia.com\/wp-content\/uploads\/2023\/06\/glaucoma2-1500x430.jpg\" class=\"aviaccordion-image\" alt=\"\" \/><\/a><\/li><li class='aviaccordion-slide av-k4145t5a-c5cc504e4e5374311475ab8411f73903__3 aviaccordion-slide-4' data-av-left='37.5'  itemscope=\"itemscope\" itemtype=\"https:\/\/schema.org\/CreativeWork\" ><a class='aviaccordion-slide-link noHover' href=\"https:\/\/gvcoftalmologia.com\/ca\/especialidades\/refractiva\/\"  ><div class='aviaccordion-preview '><div class=\"aviaccordion-preview-title-pos\"><div class=\"aviaccordion-preview-title-wrap\"><div class=\"aviaccordion-preview-title\"><h3 class='aviaccordion-title '  itemprop=\"headline\" >REFRACTIVA<\/h3><\/div><\/div><\/div><\/div><img loading=\"lazy\" decoding=\"async\" width=\"1500\" height=\"430\" src=\"https:\/\/gvcoftalmologia.com\/wp-content\/uploads\/2023\/06\/refractiva22-1500x430.jpg\" class=\"aviaccordion-image\" alt=\"\" \/><\/a><\/li><li class='aviaccordion-slide av-k4145t5a-c5cc504e4e5374311475ab8411f73903__4 aviaccordion-slide-5' data-av-left='50'  itemscope=\"itemscope\" itemtype=\"https:\/\/schema.org\/CreativeWork\" ><a class='aviaccordion-slide-link noHover' href=\"https:\/\/gvcoftalmologia.com\/ca\/especialidades\/pediatrica\/?lang=ca\"  ><div class='aviaccordion-preview '><div class=\"aviaccordion-preview-title-pos\"><div class=\"aviaccordion-preview-title-wrap\"><div class=\"aviaccordion-preview-title\"><h3 class='aviaccordion-title '  itemprop=\"headline\" >PEDI\u00c0TRICA<\/h3><\/div><\/div><\/div><\/div><img loading=\"lazy\" decoding=\"async\" width=\"1200\" height=\"430\" src=\"https:\/\/gvcoftalmologia.com\/wp-content\/uploads\/2023\/06\/pediatrica2-1200x430.jpg\" class=\"aviaccordion-image\" alt=\"\" \/><\/a><\/li><li class='aviaccordion-slide av-k4145t5a-c5cc504e4e5374311475ab8411f73903__5 aviaccordion-slide-6' data-av-left='62.5'  itemscope=\"itemscope\" itemtype=\"https:\/\/schema.org\/CreativeWork\" ><a class='aviaccordion-slide-link noHover' href=\"https:\/\/gvcoftalmologia.com\/ca\/especialidades\/cornea\/?lang=ca\"  ><div class='aviaccordion-preview '><div class=\"aviaccordion-preview-title-pos\"><div class=\"aviaccordion-preview-title-wrap\"><div class=\"aviaccordion-preview-title\"><h3 class='aviaccordion-title '  itemprop=\"headline\" >C\u00d2RNIA<\/h3><\/div><\/div><\/div><\/div><img loading=\"lazy\" decoding=\"async\" width=\"1500\" height=\"430\" src=\"https:\/\/gvcoftalmologia.com\/wp-content\/uploads\/2023\/06\/optometria2-1500x430.jpg\" class=\"aviaccordion-image\" alt=\"\" \/><\/a><\/li><li class='aviaccordion-slide av-k4145t5a-c5cc504e4e5374311475ab8411f73903__6 aviaccordion-slide-7' data-av-left='75'  itemscope=\"itemscope\" itemtype=\"https:\/\/schema.org\/CreativeWork\" ><a class='aviaccordion-slide-link noHover' href=\"https:\/\/gvcoftalmologia.com\/especialidades\/optometria\/?lang=ca\"  ><div class='aviaccordion-preview '><div class=\"aviaccordion-preview-title-pos\"><div class=\"aviaccordion-preview-title-wrap\"><div class=\"aviaccordion-preview-title\"><h3 class='aviaccordion-title '  itemprop=\"headline\" >OPTOMETR\u00cdA<\/h3><\/div><\/div><\/div><\/div><img loading=\"lazy\" decoding=\"async\" width=\"1500\" height=\"430\" src=\"https:\/\/gvcoftalmologia.com\/wp-content\/uploads\/2023\/06\/42b4a194-1054-461c-8031-d6f54465b038-1500x430.jpg\" class=\"aviaccordion-image\" alt=\"\" \/><\/a><\/li><li class='aviaccordion-slide av-k4145t5a-c5cc504e4e5374311475ab8411f73903__7 aviaccordion-slide-8' data-av-left='87.5'  itemscope=\"itemscope\" itemtype=\"https:\/\/schema.org\/CreativeWork\" ><a class='aviaccordion-slide-link noHover' href=\"https:\/\/gvcoftalmologia.com\/ca\/especialidades\/cataratas\/?lang=ca\"  ><div class='aviaccordion-preview '><div class=\"aviaccordion-preview-title-pos\"><div class=\"aviaccordion-preview-title-wrap\"><div class=\"aviaccordion-preview-title\"><h3 class='aviaccordion-title '  itemprop=\"headline\" >CATARACTES<\/h3><\/div><\/div><\/div><\/div><img loading=\"lazy\" decoding=\"async\" width=\"1500\" height=\"430\" src=\"https:\/\/gvcoftalmologia.com\/wp-content\/uploads\/2023\/06\/Sin-titulo-3.jpg\" class=\"aviaccordion-image\" alt=\"\" srcset=\"https:\/\/gvcoftalmologia.com\/wp-content\/uploads\/2023\/06\/Sin-titulo-3.jpg 1500w, https:\/\/gvcoftalmologia.com\/wp-content\/uploads\/2023\/06\/Sin-titulo-3-300x86.jpg 300w, https:\/\/gvcoftalmologia.com\/wp-content\/uploads\/2023\/06\/Sin-titulo-3-1030x295.jpg 1030w, https:\/\/gvcoftalmologia.com\/wp-content\/uploads\/2023\/06\/Sin-titulo-3-768x220.jpg 768w, https:\/\/gvcoftalmologia.com\/wp-content\/uploads\/2023\/06\/Sin-titulo-3-705x202.jpg 705w, https:\/\/gvcoftalmologia.com\/wp-content\/uploads\/2023\/06\/Sin-titulo-3-450x129.jpg 450w, https:\/\/gvcoftalmologia.com\/wp-content\/uploads\/2023\/06\/Sin-titulo-3-600x172.jpg 600w\" sizes=\"auto, (max-width: 1500px) 100vw, 1500px\" \/><\/a><\/li><\/ul><div class='aviaccordion-spacer' style='padding-bottom:28.666666666667%'><\/div><\/div>\n","protected":false},"excerpt":{"rendered":"","protected":false},"author":2,"featured_media":0,"parent":2089,"menu_order":0,"comment_status":"closed","ping_status":"closed","template":"","meta":{"footnotes":""},"class_list":["post-2111","page","type-page","status-publish","hentry"],"yoast_head":"<!-- This site is optimized with the Yoast SEO plugin v27.4 - https:\/\/yoast.com\/product\/yoast-seo-wordpress\/ -->\n<title>Pedi\u00e0trica - gvcoftalmologia.com<\/title>\n<meta name=\"robots\" content=\"index, follow, max-snippet:-1, max-image-preview:large, max-video-preview:-1\" \/>\n<link rel=\"canonical\" href=\"https:\/\/gvcoftalmologia.com\/ca\/especialidades\/pediatrica\/\" \/>\n<meta property=\"og:locale\" content=\"ca_ES\" \/>\n<meta property=\"og:type\" content=\"article\" \/>\n<meta property=\"og:title\" content=\"Pedi\u00e0trica - gvcoftalmologia.com\" \/>\n<meta property=\"og:url\" content=\"https:\/\/gvcoftalmologia.com\/ca\/especialidades\/pediatrica\/\" \/>\n<meta property=\"og:site_name\" content=\"gvcoftalmologia.com\" \/>\n<meta property=\"article:modified_time\" content=\"2023-06-26T11:04:05+00:00\" \/>\n<meta name=\"twitter:card\" content=\"summary_large_image\" \/>\n<meta name=\"twitter:label1\" content=\"Temps estimat de lectura\" \/>\n\t<meta name=\"twitter:data1\" content=\"5 minuts\" \/>\n<script type=\"application\/ld+json\" class=\"yoast-schema-graph\">{\"@context\":\"https:\\\/\\\/schema.org\",\"@graph\":[{\"@type\":\"WebPage\",\"@id\":\"https:\\\/\\\/gvcoftalmologia.com\\\/ca\\\/especialidades\\\/pediatrica\\\/\",\"url\":\"https:\\\/\\\/gvcoftalmologia.com\\\/ca\\\/especialidades\\\/pediatrica\\\/\",\"name\":\"Pedi\u00e0trica - gvcoftalmologia.com\",\"isPartOf\":{\"@id\":\"https:\\\/\\\/gvcoftalmologia.com\\\/ca\\\/#website\"},\"datePublished\":\"2020-03-16T07:42:01+00:00\",\"dateModified\":\"2023-06-26T11:04:05+00:00\",\"breadcrumb\":{\"@id\":\"https:\\\/\\\/gvcoftalmologia.com\\\/ca\\\/especialidades\\\/pediatrica\\\/#breadcrumb\"},\"inLanguage\":\"ca\",\"potentialAction\":[{\"@type\":\"ReadAction\",\"target\":[\"https:\\\/\\\/gvcoftalmologia.com\\\/ca\\\/especialidades\\\/pediatrica\\\/\"]}]},{\"@type\":\"BreadcrumbList\",\"@id\":\"https:\\\/\\\/gvcoftalmologia.com\\\/ca\\\/especialidades\\\/pediatrica\\\/#breadcrumb\",\"itemListElement\":[{\"@type\":\"ListItem\",\"position\":1,\"name\":\"Portada\",\"item\":\"https:\\\/\\\/gvcoftalmologia.com\\\/ca\\\/home\\\/\"},{\"@type\":\"ListItem\",\"position\":2,\"name\":\"ESPECIALITATS\",\"item\":\"https:\\\/\\\/gvcoftalmologia.com\\\/ca\\\/especialidades\\\/\"},{\"@type\":\"ListItem\",\"position\":3,\"name\":\"Pedi\u00e0trica\"}]},{\"@type\":\"WebSite\",\"@id\":\"https:\\\/\\\/gvcoftalmologia.com\\\/ca\\\/#website\",\"url\":\"https:\\\/\\\/gvcoftalmologia.com\\\/ca\\\/\",\"name\":\"gvcoftalmologia.com\",\"description\":\"Just another WordPress site\",\"potentialAction\":[{\"@type\":\"SearchAction\",\"target\":{\"@type\":\"EntryPoint\",\"urlTemplate\":\"https:\\\/\\\/gvcoftalmologia.com\\\/ca\\\/?s={search_term_string}\"},\"query-input\":{\"@type\":\"PropertyValueSpecification\",\"valueRequired\":true,\"valueName\":\"search_term_string\"}}],\"inLanguage\":\"ca\"}]}<\/script>\n<!-- \/ Yoast SEO plugin. -->","yoast_head_json":{"title":"Pedi\u00e0trica - gvcoftalmologia.com","robots":{"index":"index","follow":"follow","max-snippet":"max-snippet:-1","max-image-preview":"max-image-preview:large","max-video-preview":"max-video-preview:-1"},"canonical":"https:\/\/gvcoftalmologia.com\/ca\/especialidades\/pediatrica\/","og_locale":"ca_ES","og_type":"article","og_title":"Pedi\u00e0trica - gvcoftalmologia.com","og_url":"https:\/\/gvcoftalmologia.com\/ca\/especialidades\/pediatrica\/","og_site_name":"gvcoftalmologia.com","article_modified_time":"2023-06-26T11:04:05+00:00","twitter_card":"summary_large_image","twitter_misc":{"Temps estimat de lectura":"5 minuts"},"schema":{"@context":"https:\/\/schema.org","@graph":[{"@type":"WebPage","@id":"https:\/\/gvcoftalmologia.com\/ca\/especialidades\/pediatrica\/","url":"https:\/\/gvcoftalmologia.com\/ca\/especialidades\/pediatrica\/","name":"Pedi\u00e0trica - gvcoftalmologia.com","isPartOf":{"@id":"https:\/\/gvcoftalmologia.com\/ca\/#website"},"datePublished":"2020-03-16T07:42:01+00:00","dateModified":"2023-06-26T11:04:05+00:00","breadcrumb":{"@id":"https:\/\/gvcoftalmologia.com\/ca\/especialidades\/pediatrica\/#breadcrumb"},"inLanguage":"ca","potentialAction":[{"@type":"ReadAction","target":["https:\/\/gvcoftalmologia.com\/ca\/especialidades\/pediatrica\/"]}]},{"@type":"BreadcrumbList","@id":"https:\/\/gvcoftalmologia.com\/ca\/especialidades\/pediatrica\/#breadcrumb","itemListElement":[{"@type":"ListItem","position":1,"name":"Portada","item":"https:\/\/gvcoftalmologia.com\/ca\/home\/"},{"@type":"ListItem","position":2,"name":"ESPECIALITATS","item":"https:\/\/gvcoftalmologia.com\/ca\/especialidades\/"},{"@type":"ListItem","position":3,"name":"Pedi\u00e0trica"}]},{"@type":"WebSite","@id":"https:\/\/gvcoftalmologia.com\/ca\/#website","url":"https:\/\/gvcoftalmologia.com\/ca\/","name":"gvcoftalmologia.com","description":"Just another WordPress site","potentialAction":[{"@type":"SearchAction","target":{"@type":"EntryPoint","urlTemplate":"https:\/\/gvcoftalmologia.com\/ca\/?s={search_term_string}"},"query-input":{"@type":"PropertyValueSpecification","valueRequired":true,"valueName":"search_term_string"}}],"inLanguage":"ca"}]}},"_links":{"self":[{"href":"https:\/\/gvcoftalmologia.com\/ca\/wp-json\/wp\/v2\/pages\/2111","targetHints":{"allow":["GET"]}}],"collection":[{"href":"https:\/\/gvcoftalmologia.com\/ca\/wp-json\/wp\/v2\/pages"}],"about":[{"href":"https:\/\/gvcoftalmologia.com\/ca\/wp-json\/wp\/v2\/types\/page"}],"author":[{"embeddable":true,"href":"https:\/\/gvcoftalmologia.com\/ca\/wp-json\/wp\/v2\/users\/2"}],"replies":[{"embeddable":true,"href":"https:\/\/gvcoftalmologia.com\/ca\/wp-json\/wp\/v2\/comments?post=2111"}],"version-history":[{"count":16,"href":"https:\/\/gvcoftalmologia.com\/ca\/wp-json\/wp\/v2\/pages\/2111\/revisions"}],"predecessor-version":[{"id":3922,"href":"https:\/\/gvcoftalmologia.com\/ca\/wp-json\/wp\/v2\/pages\/2111\/revisions\/3922"}],"up":[{"embeddable":true,"href":"https:\/\/gvcoftalmologia.com\/ca\/wp-json\/wp\/v2\/pages\/2089"}],"wp:attachment":[{"href":"https:\/\/gvcoftalmologia.com\/ca\/wp-json\/wp\/v2\/media?parent=2111"}],"curies":[{"name":"wp","href":"https:\/\/api.w.org\/{rel}","templated":true}]}}