{"id":2087,"date":"2020-03-16T07:36:16","date_gmt":"2020-03-16T07:36:16","guid":{"rendered":"http:\/\/gvcoftalmologia.com\/cuadro-medico\/sra-cristina-junca\/"},"modified":"2022-04-16T20:44:22","modified_gmt":"2022-04-16T20:44:22","slug":"sra-cristina-junca","status":"publish","type":"page","link":"https:\/\/gvcoftalmologia.com\/ca\/cuadro-medico\/sra-cristina-junca\/","title":{"rendered":"Sra. Cristina Junc\u00e0"},"content":{"rendered":"\n<style type=\"text\/css\" data-created_by=\"avia_inline_auto\" id=\"style-css-av-k5nu6l43-05e01ddefb48992ff501676d09c30803\">\n.avia-section.av-k5nu6l43-05e01ddefb48992ff501676d09c30803{\nbackground-color:#036375;\nbackground:linear-gradient( to right, #036375, #19dee5 );\n}\n<\/style>\n<div id='av_section_1'  class='avia-section av-k5nu6l43-05e01ddefb48992ff501676d09c30803 main_color avia-section-default avia-no-border-styling  avia-builder-el-0  el_before_av_section  avia-builder-el-first  avia-bg-style-scroll container_wrap sidebar_right'  ><div class='container av-section-cont-open' ><main  role=\"main\" itemprop=\"mainContentOfPage\"  class='template-page content  av-content-small alpha units'><div class='post-entry post-entry-type-page post-entry-2087'><div class='entry-content-wrapper clearfix'>\n\n<style type=\"text\/css\" data-created_by=\"avia_inline_auto\" id=\"style-css-av-brpn0-d77b95d91db1b22d5d573774d466b1e6\">\n.flex_column.av-brpn0-d77b95d91db1b22d5d573774d466b1e6{\nborder-radius:0px 0px 0px 0px;\npadding:0px 0px 0px 0px;\n}\n<\/style>\n<div  class='flex_column av-brpn0-d77b95d91db1b22d5d573774d466b1e6 av_one_full  avia-builder-el-1  avia-builder-el-no-sibling  first flex_column_div av-zero-column-padding  '     ><style type=\"text\/css\" data-created_by=\"avia_inline_auto\" id=\"style-css-av-k5nue8gi-b01b3f18cea6e57121f9eb8aa12d5a18\">\n#top .av_textblock_section.av-k5nue8gi-b01b3f18cea6e57121f9eb8aa12d5a18 .avia_textblock{\ncolor:#ffffff;\n}\n<\/style>\n<section  class='av_textblock_section av-k5nue8gi-b01b3f18cea6e57121f9eb8aa12d5a18 '   itemscope=\"itemscope\" itemtype=\"https:\/\/schema.org\/CreativeWork\" ><div class='avia_textblock av_inherit_color'  itemprop=\"text\" ><\/div><\/section><\/div>\n\n<\/div><\/div><\/main><!-- close content main element --><\/div><\/div><div id='av_section_2'  class='avia-section av-19t98k-111a54bc50234ca7d24838d8e62d537f main_color avia-section-default avia-no-border-styling  avia-builder-el-3  el_after_av_section  avia-builder-el-last  avia-bg-style-scroll container_wrap sidebar_right'  ><div class='container av-section-cont-open' ><div class='template-page content  av-content-small alpha units'><div class='post-entry post-entry-type-page post-entry-2087'><div class='entry-content-wrapper clearfix'>\n\n<style type=\"text\/css\" data-created_by=\"avia_inline_auto\" id=\"style-css-av-f96m4-6099e893638316d2e6d6c27f06374333\">\n.flex_column.av-f96m4-6099e893638316d2e6d6c27f06374333{\nborder-radius:0px 0px 0px 0px;\npadding:0px 0px 0px 0px;\n}\n<\/style>\n<div  class='flex_column av-f96m4-6099e893638316d2e6d6c27f06374333 av_one_full  avia-builder-el-4  el_before_av_one_full  avia-builder-el-first  first flex_column_div av-zero-column-padding  '     ><style type=\"text\/css\" data-created_by=\"avia_inline_auto\" id=\"style-css-av-9k34k-bbdd345896b87c7bcc0a7f3dd48e47b3\">\n#top .av_textblock_section.av-9k34k-bbdd345896b87c7bcc0a7f3dd48e47b3 .avia_textblock{\nfont-size:15px;\ncolor:#1499b5;\n}\n<\/style>\n<section  class='av_textblock_section av-9k34k-bbdd345896b87c7bcc0a7f3dd48e47b3 '   itemscope=\"itemscope\" itemtype=\"https:\/\/schema.org\/CreativeWork\" ><div class='avia_textblock av_inherit_color'  itemprop=\"text\" ><h1 style=\"text-align: center;\"><strong>Sra. Cristina Junc\u00e0<\/strong><\/h1>\n<\/div><\/section><br \/>\n\n<style type=\"text\/css\" data-created_by=\"avia_inline_auto\" id=\"style-css-av-k5ntzcf4-f11c7bfdf8cadea051c5ca2c1c2d7505\">\n#top .av_textblock_section.av-k5ntzcf4-f11c7bfdf8cadea051c5ca2c1c2d7505 .avia_textblock{\ncolor:#4c4c4c;\n}\n<\/style>\n<section  class='av_textblock_section av-k5ntzcf4-f11c7bfdf8cadea051c5ca2c1c2d7505 '   itemscope=\"itemscope\" itemtype=\"https:\/\/schema.org\/CreativeWork\" ><div class='avia_textblock av_inherit_color'  itemprop=\"text\" ><p style=\"text-align: center;\"><strong>Especialitzada en Optometria<\/strong><br \/>\nVisita als Centres M\u00e8dics: Creu Groga, Tredic i Amedics<\/p>\n<\/div><\/section><\/p><\/div>\n<style type=\"text\/css\" data-created_by=\"avia_inline_auto\" id=\"style-css-av-8wkoc-e39040e6430e1a9091716e595b09a391\">\n.flex_column.av-8wkoc-e39040e6430e1a9091716e595b09a391{\nborder-radius:0px 0px 0px 0px;\npadding:0px 0px 0px 0px;\n}\n<\/style>\n<div  class='flex_column av-8wkoc-e39040e6430e1a9091716e595b09a391 av_one_full  avia-builder-el-7  el_after_av_one_full  el_before_av_one_full  first flex_column_div av-zero-column-padding  column-top-margin'     ><style type=\"text\/css\" data-created_by=\"avia_inline_auto\" id=\"style-css-av-jw6yk-7709fbb882336e6a75ba22d6c675742c\">\n.avia-image-container.av-jw6yk-7709fbb882336e6a75ba22d6c675742c img.avia_image{\nbox-shadow:none;\n}\n.avia-image-container.av-jw6yk-7709fbb882336e6a75ba22d6c675742c .av-image-caption-overlay-center{\ncolor:#ffffff;\n}\n<\/style>\n<div  class='avia-image-container av-jw6yk-7709fbb882336e6a75ba22d6c675742c av-styling- avia-align-center  avia-builder-el-8  avia-builder-el-no-sibling '   itemprop=\"image\" itemscope=\"itemscope\" itemtype=\"https:\/\/schema.org\/ImageObject\" ><div class=\"avia-image-container-inner\"><div class=\"avia-image-overlay-wrap\"><img decoding=\"async\" fetchpriority=\"high\" class='wp-image-1652 avia-img-lazy-loading-not-1652 avia_image ' src=\"https:\/\/gvcoftalmologia.com\/wp-content\/uploads\/2020\/02\/FotosMetges-GVC_CRIS_V2.png\" alt='' title='FotosMetges-GVC_CRIS_V2'  height=\"425\" width=\"425\"  itemprop=\"thumbnailUrl\" srcset=\"https:\/\/gvcoftalmologia.com\/wp-content\/uploads\/2020\/02\/FotosMetges-GVC_CRIS_V2.png 425w, https:\/\/gvcoftalmologia.com\/wp-content\/uploads\/2020\/02\/FotosMetges-GVC_CRIS_V2-300x300.png 300w, https:\/\/gvcoftalmologia.com\/wp-content\/uploads\/2020\/02\/FotosMetges-GVC_CRIS_V2-80x80.png 80w, https:\/\/gvcoftalmologia.com\/wp-content\/uploads\/2020\/02\/FotosMetges-GVC_CRIS_V2-36x36.png 36w, https:\/\/gvcoftalmologia.com\/wp-content\/uploads\/2020\/02\/FotosMetges-GVC_CRIS_V2-180x180.png 180w, https:\/\/gvcoftalmologia.com\/wp-content\/uploads\/2020\/02\/FotosMetges-GVC_CRIS_V2-100x100.png 100w\" sizes=\"(max-width: 425px) 100vw, 425px\" \/><\/div><\/div><\/div><\/div>\n<style type=\"text\/css\" data-created_by=\"avia_inline_auto\" id=\"style-css-av-11kek-ed5f522e0068f49ef1a7a80b7260fad5\">\n.flex_column.av-11kek-ed5f522e0068f49ef1a7a80b7260fad5{\nborder-radius:0px 0px 0px 0px;\npadding:0px 0px 0px 0px;\n}\n<\/style>\n<div  class='flex_column av-11kek-ed5f522e0068f49ef1a7a80b7260fad5 av_one_full  avia-builder-el-9  el_after_av_one_full  el_before_av_one_half  first flex_column_div av-zero-column-padding  column-top-margin'     ><style type=\"text\/css\" data-created_by=\"avia_inline_auto\" id=\"style-css-av-k5nuudjh-f8d9e9174224f9ccaf04ee340765b3f5\">\n#top .av_textblock_section.av-k5nuudjh-f8d9e9174224f9ccaf04ee340765b3f5 .avia_textblock{\ncolor:#1499b5;\n}\n<\/style>\n<section  class='av_textblock_section av-k5nuudjh-f8d9e9174224f9ccaf04ee340765b3f5 '   itemscope=\"itemscope\" itemtype=\"https:\/\/schema.org\/CreativeWork\" ><div class='avia_textblock av_inherit_color'  itemprop=\"text\" ><h2 style=\"text-align: center;\"><strong>CURR\u00cdCULUM PROFESSIONAL<\/strong><\/h2>\n<\/div><\/section><\/div><div class='flex_column_table av-hcoz8-cbd7544d3bc88988d71abba0295144c0 sc-av_one_half av-equal-height-column-flextable'>\n<style type=\"text\/css\" data-created_by=\"avia_inline_auto\" id=\"style-css-av-hcoz8-cbd7544d3bc88988d71abba0295144c0\">\n#top .flex_column_table.av-equal-height-column-flextable.av-hcoz8-cbd7544d3bc88988d71abba0295144c0{\nmargin-top:-10px;\nmargin-bottom:-10px;\n}\n.flex_column.av-hcoz8-cbd7544d3bc88988d71abba0295144c0{\nborder-radius:0px 0px 0px 0px;\npadding:0px 0px 0px 0px;\n}\n<\/style>\n<div  class='flex_column av-hcoz8-cbd7544d3bc88988d71abba0295144c0 av_one_half  avia-builder-el-11  el_after_av_one_full  el_before_av_one_half  first flex_column_table_cell av-equal-height-column av-align-top av-zero-column-padding  column-top-margin'     ><section  class='av_textblock_section av-k5nz7p8c-a4497fe60de35f76373e077feddcd757 '   itemscope=\"itemscope\" itemtype=\"https:\/\/schema.org\/CreativeWork\" ><div class='avia_textblock'  itemprop=\"text\" ><p class=\"p1\">Graduada en \u00d2ptica i Optometria per la Facultat d&#8217;\u00d2ptica i Optometria de Terrassa (UPC), especialitzada en pr\u00e0ctica cl\u00ednica a l\u2019Institut Catal\u00e0 de la Retina en el 2014 i en baixa visi\u00f3 per \u201cGrup Recoletos\u201d al 2016.<\/p>\n<p class=\"p1\">Durant la seva traject\u00f2ria <em>laboral ha realitzat tasques optom\u00e8triques en<\/em> diversos centres hospitalaris tant p\u00fablics com<br \/>\nprivats: <strong>L&#8217;Hospital Sagrat Cor <\/strong>(Barcelona)<strong>, l&#8217;Hospital General de Catalunya <\/strong>(Sant Cugat del Vall\u00e8s) <strong>i el Servei integrat d&#8217;Oftalmologia del Vall\u00e8s Oriental <\/strong>(Hospitals de Granollers, Mollet i Sant Celoni)<strong>.<\/strong><\/p>\n<\/div><\/section><\/div><div class='av-flex-placeholder'><\/div>\n<style type=\"text\/css\" data-created_by=\"avia_inline_auto\" id=\"style-css-av-8ibk4-1aae59bf339ba774674e995acd13f9d0\">\n#top .flex_column_table.av-equal-height-column-flextable.av-8ibk4-1aae59bf339ba774674e995acd13f9d0{\nmargin-top:-10px;\nmargin-bottom:-10px;\n}\n.flex_column.av-8ibk4-1aae59bf339ba774674e995acd13f9d0{\nborder-radius:0px 0px 0px 0px;\npadding:0px 0px 0px 0px;\n}\n<\/style>\n<div  class='flex_column av-8ibk4-1aae59bf339ba774674e995acd13f9d0 av_one_half  avia-builder-el-13  el_after_av_one_half  el_before_av_hr  flex_column_table_cell av-equal-height-column av-align-top av-zero-column-padding  column-top-margin'     ><section  class='av_textblock_section av-k5nz88q7-e35343c8d460bf8df571bb0f9aedbe8a '   itemscope=\"itemscope\" itemtype=\"https:\/\/schema.org\/CreativeWork\" ><div class='avia_textblock'  itemprop=\"text\" ><p class=\"p1\">Optometrista certificada per a la realitzaci\u00f3 d&#8217;estudis cl\u00ednics multic\u00e8ntrics. <strong><em>Certificacions corresponents amb Spectralis SD-OCT Heidelberg, ETDRS, Topcorn TRC 50 EX, Cannon digital camera CR2, agudeses visuals amb ETDRS i tractament de dades mitjan\u00e7ant portals electr\u00f2nics com a Corc, iMedidata, Marvin o Duke.<\/em><\/strong><\/p>\n<p class=\"p1\">Ha participat com a optometrista certificada a diferents estudis cl\u00ednics tant de retina, glaucoma com de lents intraoculars.<br \/>\nEls \u00faltims ens els que ha participat s\u00f3n: OPH 1003, OPH 1004, CEDAR, Centera, Columbus, AQUA&amp; VIOLET RAVE, AVX012, PG324 \u2013 (Mercury) i RTH.<\/p>\n<p class=\"p1\"><strong><em>Coordinadora de diversos assajos cl\u00ednics en el grup de recerca \u201cVall\u00e8s ophtalmology research\u201d.<\/em><\/strong><\/p>\n<\/div><\/section><\/div><\/div><!--close column table wrapper. Autoclose: 1 -->\n<style type=\"text\/css\" data-created_by=\"avia_inline_auto\" id=\"style-css-av-k5pkykdi-99e934bf98a179b8bca6fe2111fef56e\">\n#top .hr.hr-invisible.av-k5pkykdi-99e934bf98a179b8bca6fe2111fef56e{\nheight:50px;\n}\n<\/style>\n<div  class='hr av-k5pkykdi-99e934bf98a179b8bca6fe2111fef56e hr-invisible  avia-builder-el-15  el_after_av_one_half  avia-builder-el-last '><span class='hr-inner '><span class=\"hr-inner-style\"><\/span><\/span><\/div>\n<\/div><\/div><\/div><!-- close content main div --><\/div><\/div><div id='after_section_2'  class='main_color av_default_container_wrap container_wrap sidebar_right'  ><div class='container av-section-cont-open' ><div class='template-page content  av-content-small alpha units'><div class='post-entry post-entry-type-page post-entry-2087'><div class='entry-content-wrapper clearfix'>\n","protected":false},"excerpt":{"rendered":"","protected":false},"author":2,"featured_media":0,"parent":2049,"menu_order":0,"comment_status":"closed","ping_status":"closed","template":"","meta":{"footnotes":""},"class_list":["post-2087","page","type-page","status-publish","hentry"],"yoast_head":"<!-- This site is optimized with the Yoast SEO plugin v27.4 - https:\/\/yoast.com\/product\/yoast-seo-wordpress\/ -->\n<title>Sra. Cristina Junc\u00e0 - gvcoftalmologia.com<\/title>\n<meta name=\"robots\" content=\"index, follow, max-snippet:-1, max-image-preview:large, max-video-preview:-1\" \/>\n<link rel=\"canonical\" href=\"https:\/\/gvcoftalmologia.com\/ca\/cuadro-medico\/sra-cristina-junca\/\" \/>\n<meta property=\"og:locale\" content=\"ca_ES\" \/>\n<meta property=\"og:type\" content=\"article\" \/>\n<meta property=\"og:title\" content=\"Sra. Cristina Junc\u00e0 - gvcoftalmologia.com\" \/>\n<meta property=\"og:url\" content=\"https:\/\/gvcoftalmologia.com\/ca\/cuadro-medico\/sra-cristina-junca\/\" \/>\n<meta property=\"og:site_name\" content=\"gvcoftalmologia.com\" \/>\n<meta property=\"article:modified_time\" content=\"2022-04-16T20:44:22+00:00\" \/>\n<meta name=\"twitter:card\" content=\"summary_large_image\" \/>\n<meta name=\"twitter:label1\" content=\"Temps estimat de lectura\" \/>\n\t<meta name=\"twitter:data1\" content=\"8 minuts\" \/>\n<script type=\"application\/ld+json\" class=\"yoast-schema-graph\">{\"@context\":\"https:\\\/\\\/schema.org\",\"@graph\":[{\"@type\":\"WebPage\",\"@id\":\"https:\\\/\\\/gvcoftalmologia.com\\\/ca\\\/cuadro-medico\\\/sra-cristina-junca\\\/\",\"url\":\"https:\\\/\\\/gvcoftalmologia.com\\\/ca\\\/cuadro-medico\\\/sra-cristina-junca\\\/\",\"name\":\"Sra. Cristina Junc\u00e0 - gvcoftalmologia.com\",\"isPartOf\":{\"@id\":\"https:\\\/\\\/gvcoftalmologia.com\\\/ca\\\/#website\"},\"datePublished\":\"2020-03-16T07:36:16+00:00\",\"dateModified\":\"2022-04-16T20:44:22+00:00\",\"breadcrumb\":{\"@id\":\"https:\\\/\\\/gvcoftalmologia.com\\\/ca\\\/cuadro-medico\\\/sra-cristina-junca\\\/#breadcrumb\"},\"inLanguage\":\"ca\",\"potentialAction\":[{\"@type\":\"ReadAction\",\"target\":[\"https:\\\/\\\/gvcoftalmologia.com\\\/ca\\\/cuadro-medico\\\/sra-cristina-junca\\\/\"]}]},{\"@type\":\"BreadcrumbList\",\"@id\":\"https:\\\/\\\/gvcoftalmologia.com\\\/ca\\\/cuadro-medico\\\/sra-cristina-junca\\\/#breadcrumb\",\"itemListElement\":[{\"@type\":\"ListItem\",\"position\":1,\"name\":\"Portada\",\"item\":\"https:\\\/\\\/gvcoftalmologia.com\\\/ca\\\/home\\\/\"},{\"@type\":\"ListItem\",\"position\":2,\"name\":\"Quadre m\u00e8dic\",\"item\":\"https:\\\/\\\/gvcoftalmologia.com\\\/ca\\\/cuadro-medico\\\/\"},{\"@type\":\"ListItem\",\"position\":3,\"name\":\"Sra. Cristina Junc\u00e0\"}]},{\"@type\":\"WebSite\",\"@id\":\"https:\\\/\\\/gvcoftalmologia.com\\\/ca\\\/#website\",\"url\":\"https:\\\/\\\/gvcoftalmologia.com\\\/ca\\\/\",\"name\":\"gvcoftalmologia.com\",\"description\":\"Just another WordPress site\",\"potentialAction\":[{\"@type\":\"SearchAction\",\"target\":{\"@type\":\"EntryPoint\",\"urlTemplate\":\"https:\\\/\\\/gvcoftalmologia.com\\\/ca\\\/?s={search_term_string}\"},\"query-input\":{\"@type\":\"PropertyValueSpecification\",\"valueRequired\":true,\"valueName\":\"search_term_string\"}}],\"inLanguage\":\"ca\"}]}<\/script>\n<!-- \/ Yoast SEO plugin. -->","yoast_head_json":{"title":"Sra. Cristina Junc\u00e0 - gvcoftalmologia.com","robots":{"index":"index","follow":"follow","max-snippet":"max-snippet:-1","max-image-preview":"max-image-preview:large","max-video-preview":"max-video-preview:-1"},"canonical":"https:\/\/gvcoftalmologia.com\/ca\/cuadro-medico\/sra-cristina-junca\/","og_locale":"ca_ES","og_type":"article","og_title":"Sra. Cristina Junc\u00e0 - gvcoftalmologia.com","og_url":"https:\/\/gvcoftalmologia.com\/ca\/cuadro-medico\/sra-cristina-junca\/","og_site_name":"gvcoftalmologia.com","article_modified_time":"2022-04-16T20:44:22+00:00","twitter_card":"summary_large_image","twitter_misc":{"Temps estimat de lectura":"8 minuts"},"schema":{"@context":"https:\/\/schema.org","@graph":[{"@type":"WebPage","@id":"https:\/\/gvcoftalmologia.com\/ca\/cuadro-medico\/sra-cristina-junca\/","url":"https:\/\/gvcoftalmologia.com\/ca\/cuadro-medico\/sra-cristina-junca\/","name":"Sra. Cristina Junc\u00e0 - gvcoftalmologia.com","isPartOf":{"@id":"https:\/\/gvcoftalmologia.com\/ca\/#website"},"datePublished":"2020-03-16T07:36:16+00:00","dateModified":"2022-04-16T20:44:22+00:00","breadcrumb":{"@id":"https:\/\/gvcoftalmologia.com\/ca\/cuadro-medico\/sra-cristina-junca\/#breadcrumb"},"inLanguage":"ca","potentialAction":[{"@type":"ReadAction","target":["https:\/\/gvcoftalmologia.com\/ca\/cuadro-medico\/sra-cristina-junca\/"]}]},{"@type":"BreadcrumbList","@id":"https:\/\/gvcoftalmologia.com\/ca\/cuadro-medico\/sra-cristina-junca\/#breadcrumb","itemListElement":[{"@type":"ListItem","position":1,"name":"Portada","item":"https:\/\/gvcoftalmologia.com\/ca\/home\/"},{"@type":"ListItem","position":2,"name":"Quadre m\u00e8dic","item":"https:\/\/gvcoftalmologia.com\/ca\/cuadro-medico\/"},{"@type":"ListItem","position":3,"name":"Sra. Cristina Junc\u00e0"}]},{"@type":"WebSite","@id":"https:\/\/gvcoftalmologia.com\/ca\/#website","url":"https:\/\/gvcoftalmologia.com\/ca\/","name":"gvcoftalmologia.com","description":"Just another WordPress site","potentialAction":[{"@type":"SearchAction","target":{"@type":"EntryPoint","urlTemplate":"https:\/\/gvcoftalmologia.com\/ca\/?s={search_term_string}"},"query-input":{"@type":"PropertyValueSpecification","valueRequired":true,"valueName":"search_term_string"}}],"inLanguage":"ca"}]}},"_links":{"self":[{"href":"https:\/\/gvcoftalmologia.com\/ca\/wp-json\/wp\/v2\/pages\/2087","targetHints":{"allow":["GET"]}}],"collection":[{"href":"https:\/\/gvcoftalmologia.com\/ca\/wp-json\/wp\/v2\/pages"}],"about":[{"href":"https:\/\/gvcoftalmologia.com\/ca\/wp-json\/wp\/v2\/types\/page"}],"author":[{"embeddable":true,"href":"https:\/\/gvcoftalmologia.com\/ca\/wp-json\/wp\/v2\/users\/2"}],"replies":[{"embeddable":true,"href":"https:\/\/gvcoftalmologia.com\/ca\/wp-json\/wp\/v2\/comments?post=2087"}],"version-history":[{"count":8,"href":"https:\/\/gvcoftalmologia.com\/ca\/wp-json\/wp\/v2\/pages\/2087\/revisions"}],"predecessor-version":[{"id":4240,"href":"https:\/\/gvcoftalmologia.com\/ca\/wp-json\/wp\/v2\/pages\/2087\/revisions\/4240"}],"up":[{"embeddable":true,"href":"https:\/\/gvcoftalmologia.com\/ca\/wp-json\/wp\/v2\/pages\/2049"}],"wp:attachment":[{"href":"https:\/\/gvcoftalmologia.com\/ca\/wp-json\/wp\/v2\/media?parent=2087"}],"curies":[{"name":"wp","href":"https:\/\/api.w.org\/{rel}","templated":true}]}}