{"id":2085,"date":"2020-03-16T07:35:41","date_gmt":"2020-03-16T07:35:41","guid":{"rendered":"http:\/\/gvcoftalmologia.com\/cuadro-medico\/sra-adriana-casals\/"},"modified":"2020-03-19T08:09:55","modified_gmt":"2020-03-19T08:09:55","slug":"sra-adriana-casals","status":"publish","type":"page","link":"https:\/\/gvcoftalmologia.com\/ca\/cuadro-medico\/sra-adriana-casals\/","title":{"rendered":"Sra. Adriana Casals"},"content":{"rendered":"\n<style type=\"text\/css\" data-created_by=\"avia_inline_auto\" id=\"style-css-av-k5nu6l43-05e01ddefb48992ff501676d09c30803\">\n.avia-section.av-k5nu6l43-05e01ddefb48992ff501676d09c30803{\nbackground-color:#036375;\nbackground:linear-gradient( to right, #036375, #19dee5 );\n}\n<\/style>\n<div id='av_section_1'  class='avia-section av-k5nu6l43-05e01ddefb48992ff501676d09c30803 main_color avia-section-default avia-no-border-styling  avia-builder-el-0  el_before_av_section  avia-builder-el-first  avia-bg-style-scroll container_wrap sidebar_right'  ><div class='container av-section-cont-open' ><main  role=\"main\" itemprop=\"mainContentOfPage\"  class='template-page content  av-content-small alpha units'><div class='post-entry post-entry-type-page post-entry-2085'><div class='entry-content-wrapper clearfix'>\n\n<style type=\"text\/css\" data-created_by=\"avia_inline_auto\" id=\"style-css-av-brpn0-d77b95d91db1b22d5d573774d466b1e6\">\n.flex_column.av-brpn0-d77b95d91db1b22d5d573774d466b1e6{\nborder-radius:0px 0px 0px 0px;\npadding:0px 0px 0px 0px;\n}\n<\/style>\n<div  class='flex_column av-brpn0-d77b95d91db1b22d5d573774d466b1e6 av_one_full  avia-builder-el-1  avia-builder-el-no-sibling  first flex_column_div av-zero-column-padding  '     ><style type=\"text\/css\" data-created_by=\"avia_inline_auto\" id=\"style-css-av-k5nue8gi-b01b3f18cea6e57121f9eb8aa12d5a18\">\n#top .av_textblock_section.av-k5nue8gi-b01b3f18cea6e57121f9eb8aa12d5a18 .avia_textblock{\ncolor:#ffffff;\n}\n<\/style>\n<section  class='av_textblock_section av-k5nue8gi-b01b3f18cea6e57121f9eb8aa12d5a18 '   itemscope=\"itemscope\" itemtype=\"https:\/\/schema.org\/CreativeWork\" ><div class='avia_textblock av_inherit_color'  itemprop=\"text\" ><\/div><\/section><\/div>\n\n<\/div><\/div><\/main><!-- close content main element --><\/div><\/div><div id='av_section_2'  class='avia-section av-19t98k-111a54bc50234ca7d24838d8e62d537f main_color avia-section-default avia-no-border-styling  avia-builder-el-3  el_after_av_section  avia-builder-el-last  avia-bg-style-scroll container_wrap sidebar_right'  ><div class='container av-section-cont-open' ><div class='template-page content  av-content-small alpha units'><div class='post-entry post-entry-type-page post-entry-2085'><div class='entry-content-wrapper clearfix'>\n\n<style type=\"text\/css\" data-created_by=\"avia_inline_auto\" id=\"style-css-av-f96m4-6099e893638316d2e6d6c27f06374333\">\n.flex_column.av-f96m4-6099e893638316d2e6d6c27f06374333{\nborder-radius:0px 0px 0px 0px;\npadding:0px 0px 0px 0px;\n}\n<\/style>\n<div  class='flex_column av-f96m4-6099e893638316d2e6d6c27f06374333 av_one_full  avia-builder-el-4  el_before_av_one_full  avia-builder-el-first  first flex_column_div av-zero-column-padding  '     ><style type=\"text\/css\" data-created_by=\"avia_inline_auto\" id=\"style-css-av-9k34k-bbdd345896b87c7bcc0a7f3dd48e47b3\">\n#top .av_textblock_section.av-9k34k-bbdd345896b87c7bcc0a7f3dd48e47b3 .avia_textblock{\nfont-size:15px;\ncolor:#1499b5;\n}\n<\/style>\n<section  class='av_textblock_section av-9k34k-bbdd345896b87c7bcc0a7f3dd48e47b3 '   itemscope=\"itemscope\" itemtype=\"https:\/\/schema.org\/CreativeWork\" ><div class='avia_textblock av_inherit_color'  itemprop=\"text\" ><h1 style=\"text-align: center;\"><strong>Sra. Adriana Casals<\/strong><\/h1>\n<\/div><\/section><br \/>\n\n<style type=\"text\/css\" data-created_by=\"avia_inline_auto\" id=\"style-css-av-k5ntzcf4-85302332d3f6fd0d33bab17752791604\">\n#top .av_textblock_section.av-k5ntzcf4-85302332d3f6fd0d33bab17752791604 .avia_textblock{\ncolor:#4c4c4c;\n}\n<\/style>\n<section  class='av_textblock_section av-k5ntzcf4-85302332d3f6fd0d33bab17752791604 '   itemscope=\"itemscope\" itemtype=\"https:\/\/schema.org\/CreativeWork\" ><div class='avia_textblock av_inherit_color'  itemprop=\"text\" ><p style=\"text-align: center;\"><strong>Especialitzada en Optometria<\/strong><br \/>\nVisita en el Centre M\u00e8dic: Creu Groga<\/p>\n<\/div><\/section><\/p><\/div>\n<style type=\"text\/css\" data-created_by=\"avia_inline_auto\" id=\"style-css-av-8wkoc-e39040e6430e1a9091716e595b09a391\">\n.flex_column.av-8wkoc-e39040e6430e1a9091716e595b09a391{\nborder-radius:0px 0px 0px 0px;\npadding:0px 0px 0px 0px;\n}\n<\/style>\n<div  class='flex_column av-8wkoc-e39040e6430e1a9091716e595b09a391 av_one_full  avia-builder-el-7  el_after_av_one_full  el_before_av_one_full  first flex_column_div av-zero-column-padding  column-top-margin'     ><style type=\"text\/css\" data-created_by=\"avia_inline_auto\" id=\"style-css-av-jw6yk-09ed801c42937425c45ed2d041a024ef\">\n.avia-image-container.av-jw6yk-09ed801c42937425c45ed2d041a024ef img.avia_image{\nbox-shadow:none;\n}\n.avia-image-container.av-jw6yk-09ed801c42937425c45ed2d041a024ef .av-image-caption-overlay-center{\ncolor:#ffffff;\n}\n<\/style>\n<div  class='avia-image-container av-jw6yk-09ed801c42937425c45ed2d041a024ef av-styling- avia-align-center  avia-builder-el-8  avia-builder-el-no-sibling '   itemprop=\"image\" itemscope=\"itemscope\" itemtype=\"https:\/\/schema.org\/ImageObject\" ><div class=\"avia-image-container-inner\"><div class=\"avia-image-overlay-wrap\"><img decoding=\"async\" fetchpriority=\"high\" class='wp-image-1197 avia-img-lazy-loading-not-1197 avia_image ' src=\"https:\/\/gvcoftalmologia.com\/wp-content\/uploads\/2020\/02\/FotosMetges-GVC_INTERIOR_ADRIANA.png\" alt='' title='FotosMetges-GVC_INTERIOR_ADRIANA'  height=\"425\" width=\"425\"  itemprop=\"thumbnailUrl\" srcset=\"https:\/\/gvcoftalmologia.com\/wp-content\/uploads\/2020\/02\/FotosMetges-GVC_INTERIOR_ADRIANA.png 425w, https:\/\/gvcoftalmologia.com\/wp-content\/uploads\/2020\/02\/FotosMetges-GVC_INTERIOR_ADRIANA-300x300.png 300w, https:\/\/gvcoftalmologia.com\/wp-content\/uploads\/2020\/02\/FotosMetges-GVC_INTERIOR_ADRIANA-80x80.png 80w, https:\/\/gvcoftalmologia.com\/wp-content\/uploads\/2020\/02\/FotosMetges-GVC_INTERIOR_ADRIANA-36x36.png 36w, https:\/\/gvcoftalmologia.com\/wp-content\/uploads\/2020\/02\/FotosMetges-GVC_INTERIOR_ADRIANA-180x180.png 180w, https:\/\/gvcoftalmologia.com\/wp-content\/uploads\/2020\/02\/FotosMetges-GVC_INTERIOR_ADRIANA-100x100.png 100w\" sizes=\"(max-width: 425px) 100vw, 425px\" \/><\/div><\/div><\/div><\/div>\n<style type=\"text\/css\" data-created_by=\"avia_inline_auto\" id=\"style-css-av-11kek-ed5f522e0068f49ef1a7a80b7260fad5\">\n.flex_column.av-11kek-ed5f522e0068f49ef1a7a80b7260fad5{\nborder-radius:0px 0px 0px 0px;\npadding:0px 0px 0px 0px;\n}\n<\/style>\n<div  class='flex_column av-11kek-ed5f522e0068f49ef1a7a80b7260fad5 av_one_full  avia-builder-el-9  el_after_av_one_full  el_before_av_one_half  first flex_column_div av-zero-column-padding  column-top-margin'     ><style type=\"text\/css\" data-created_by=\"avia_inline_auto\" id=\"style-css-av-k5nuudjh-f8d9e9174224f9ccaf04ee340765b3f5\">\n#top .av_textblock_section.av-k5nuudjh-f8d9e9174224f9ccaf04ee340765b3f5 .avia_textblock{\ncolor:#1499b5;\n}\n<\/style>\n<section  class='av_textblock_section av-k5nuudjh-f8d9e9174224f9ccaf04ee340765b3f5 '   itemscope=\"itemscope\" itemtype=\"https:\/\/schema.org\/CreativeWork\" ><div class='avia_textblock av_inherit_color'  itemprop=\"text\" ><h2 style=\"text-align: center;\"><strong>CURR\u00cdCULUM PROFESSIONAL<\/strong><\/h2>\n<\/div><\/section><\/div><div class='flex_column_table av-hcoz8-cbd7544d3bc88988d71abba0295144c0 sc-av_one_half av-equal-height-column-flextable'>\n<style type=\"text\/css\" data-created_by=\"avia_inline_auto\" id=\"style-css-av-hcoz8-cbd7544d3bc88988d71abba0295144c0\">\n#top .flex_column_table.av-equal-height-column-flextable.av-hcoz8-cbd7544d3bc88988d71abba0295144c0{\nmargin-top:-10px;\nmargin-bottom:-10px;\n}\n.flex_column.av-hcoz8-cbd7544d3bc88988d71abba0295144c0{\nborder-radius:0px 0px 0px 0px;\npadding:0px 0px 0px 0px;\n}\n<\/style>\n<div  class='flex_column av-hcoz8-cbd7544d3bc88988d71abba0295144c0 av_one_half  avia-builder-el-11  el_after_av_one_full  el_before_av_one_half  first flex_column_table_cell av-equal-height-column av-align-top av-zero-column-padding  column-top-margin'     ><section  class='av_textblock_section av-k5nz7p8c-eb2ed125a95007f4dc1e5bd0b68ce95f '   itemscope=\"itemscope\" itemtype=\"https:\/\/schema.org\/CreativeWork\" ><div class='avia_textblock'  itemprop=\"text\" ><p class=\"p1\">La Sra Adriana Casals \u00e9s <strong>Diplomada en \u00d2ptica i Optometria per la Facultat d&#8217;\u00d2ptica i Optometria de Terrassa (UPC) des de l&#8217;any 2005.<\/strong> Posteriorment es va formar en ter\u00e0pia visual en el Centre d&#8217;Optometria Internacional de Madrid durant el curs 2006-2007, i en optometria pedi\u00e0trica l&#8217;any 2008 per la Universitat Europea de Madrid.<\/p>\n<p class=\"p1\">L&#8217;any <strong><em>2013 va obtenir la titulaci\u00f3 de M\u00e0ster en Optometria i Ci\u00e8ncies de la Visi\u00f3 (MSc) per la Universitat<br \/>\nPolit\u00e8cnica de Catalunya,<\/em><\/strong> amb la presentaci\u00f3 de la seva TFM sobre les lents intraoculars f\u00e0quiques de<br \/>\nfixaci\u00f3 en l&#8217;iris, amb una qualificaci\u00f3 d&#8217;excel\u00b7lent.<\/p>\n<\/div><\/section><\/div><div class='av-flex-placeholder'><\/div>\n<style type=\"text\/css\" data-created_by=\"avia_inline_auto\" id=\"style-css-av-8ibk4-1aae59bf339ba774674e995acd13f9d0\">\n#top .flex_column_table.av-equal-height-column-flextable.av-8ibk4-1aae59bf339ba774674e995acd13f9d0{\nmargin-top:-10px;\nmargin-bottom:-10px;\n}\n.flex_column.av-8ibk4-1aae59bf339ba774674e995acd13f9d0{\nborder-radius:0px 0px 0px 0px;\npadding:0px 0px 0px 0px;\n}\n<\/style>\n<div  class='flex_column av-8ibk4-1aae59bf339ba774674e995acd13f9d0 av_one_half  avia-builder-el-13  el_after_av_one_half  el_before_av_hr  flex_column_table_cell av-equal-height-column av-align-top av-zero-column-padding  column-top-margin'     ><section  class='av_textblock_section av-k5nz88q7-2753d4f802b330293986c47356190d3d '   itemscope=\"itemscope\" itemtype=\"https:\/\/schema.org\/CreativeWork\" ><div class='avia_textblock'  itemprop=\"text\" ><p class=\"p1\">T\u00e9 experi\u00e8ncia en \u00f2ptica, optometria cl\u00ednica i contactologia. Al llarg de la seva carrera professional s&#8217;ha<br \/>\nespecialitzat en l&#8217;optometria cl\u00ednica, fent tasques d&#8217;optometrista tant en sanitat p\u00fablica com privada. Ha<br \/>\ntreballat en centres oftalmol\u00f2gics com l\u2019Institut Catal\u00e0 de la Retina i el Centre Ocular de Terrassa<br \/>\n\u2013 APTIMA M\u00fatua de Terrassa, on tamb\u00e9 va formar part del departament de cirurgia refractiva com a<br \/>\nt\u00e8cnic especialista de l\u00e0ser exc\u00edmer en quir\u00f2fan.<\/p>\n<p class=\"p1\"><strong>T\u00e9 experi\u00e8ncia en l&#8217;adaptaci\u00f3 de lents de contacte en \u00e8ctasis, i recentment s&#8217;ha format en l&#8217;adaptaci\u00f3 de lents esclerals.<\/strong><\/p>\n<p class=\"p1\">Des d&#8217;abril de 2018 treballa a l&#8217;Institut Oftalmol\u00f2gic Creu Groga com a optometrista. Ha publicat diversos articles en la revista d&#8217;optometria (Gaseta) i un p\u00f2ster en el congr\u00e9s de la SEEBV.<\/p>\n<p class=\"p1\"><strong><em>\u00c9s membre de el Col\u00b7legi d&#8217;\u00d2ptics Optometristes de Catalunya.<\/em><\/strong><\/p>\n<\/div><\/section><\/div><\/div><!--close column table wrapper. Autoclose: 1 -->\n<style type=\"text\/css\" data-created_by=\"avia_inline_auto\" id=\"style-css-av-k5pkykdi-99e934bf98a179b8bca6fe2111fef56e\">\n#top .hr.hr-invisible.av-k5pkykdi-99e934bf98a179b8bca6fe2111fef56e{\nheight:50px;\n}\n<\/style>\n<div  class='hr av-k5pkykdi-99e934bf98a179b8bca6fe2111fef56e hr-invisible  avia-builder-el-15  el_after_av_one_half  avia-builder-el-last '><span class='hr-inner '><span class=\"hr-inner-style\"><\/span><\/span><\/div>\n<\/div><\/div><\/div><!-- close content main div --><\/div><\/div><div id='after_section_2'  class='main_color av_default_container_wrap container_wrap sidebar_right'  ><div class='container av-section-cont-open' ><div class='template-page content  av-content-small alpha units'><div class='post-entry post-entry-type-page post-entry-2085'><div class='entry-content-wrapper clearfix'>\n","protected":false},"excerpt":{"rendered":"","protected":false},"author":2,"featured_media":0,"parent":2049,"menu_order":0,"comment_status":"closed","ping_status":"closed","template":"","meta":{"footnotes":""},"class_list":["post-2085","page","type-page","status-publish","hentry"],"yoast_head":"<!-- This site is optimized with the Yoast SEO plugin v27.4 - https:\/\/yoast.com\/product\/yoast-seo-wordpress\/ -->\n<title>Sra. Adriana Casals - gvcoftalmologia.com<\/title>\n<meta name=\"robots\" content=\"index, follow, max-snippet:-1, max-image-preview:large, max-video-preview:-1\" \/>\n<link rel=\"canonical\" href=\"https:\/\/gvcoftalmologia.com\/ca\/cuadro-medico\/sra-adriana-casals\/\" \/>\n<meta property=\"og:locale\" content=\"ca_ES\" \/>\n<meta property=\"og:type\" content=\"article\" \/>\n<meta property=\"og:title\" content=\"Sra. Adriana Casals - gvcoftalmologia.com\" \/>\n<meta property=\"og:url\" content=\"https:\/\/gvcoftalmologia.com\/ca\/cuadro-medico\/sra-adriana-casals\/\" \/>\n<meta property=\"og:site_name\" content=\"gvcoftalmologia.com\" \/>\n<meta property=\"article:modified_time\" content=\"2020-03-19T08:09:55+00:00\" \/>\n<meta name=\"twitter:card\" content=\"summary_large_image\" \/>\n<meta name=\"twitter:label1\" content=\"Temps estimat de lectura\" \/>\n\t<meta name=\"twitter:data1\" content=\"8 minuts\" \/>\n<script type=\"application\/ld+json\" class=\"yoast-schema-graph\">{\"@context\":\"https:\\\/\\\/schema.org\",\"@graph\":[{\"@type\":\"WebPage\",\"@id\":\"https:\\\/\\\/gvcoftalmologia.com\\\/ca\\\/cuadro-medico\\\/sra-adriana-casals\\\/\",\"url\":\"https:\\\/\\\/gvcoftalmologia.com\\\/ca\\\/cuadro-medico\\\/sra-adriana-casals\\\/\",\"name\":\"Sra. Adriana Casals - gvcoftalmologia.com\",\"isPartOf\":{\"@id\":\"https:\\\/\\\/gvcoftalmologia.com\\\/ca\\\/#website\"},\"datePublished\":\"2020-03-16T07:35:41+00:00\",\"dateModified\":\"2020-03-19T08:09:55+00:00\",\"breadcrumb\":{\"@id\":\"https:\\\/\\\/gvcoftalmologia.com\\\/ca\\\/cuadro-medico\\\/sra-adriana-casals\\\/#breadcrumb\"},\"inLanguage\":\"ca\",\"potentialAction\":[{\"@type\":\"ReadAction\",\"target\":[\"https:\\\/\\\/gvcoftalmologia.com\\\/ca\\\/cuadro-medico\\\/sra-adriana-casals\\\/\"]}]},{\"@type\":\"BreadcrumbList\",\"@id\":\"https:\\\/\\\/gvcoftalmologia.com\\\/ca\\\/cuadro-medico\\\/sra-adriana-casals\\\/#breadcrumb\",\"itemListElement\":[{\"@type\":\"ListItem\",\"position\":1,\"name\":\"Portada\",\"item\":\"https:\\\/\\\/gvcoftalmologia.com\\\/ca\\\/home\\\/\"},{\"@type\":\"ListItem\",\"position\":2,\"name\":\"Quadre m\u00e8dic\",\"item\":\"https:\\\/\\\/gvcoftalmologia.com\\\/ca\\\/cuadro-medico\\\/\"},{\"@type\":\"ListItem\",\"position\":3,\"name\":\"Sra. Adriana Casals\"}]},{\"@type\":\"WebSite\",\"@id\":\"https:\\\/\\\/gvcoftalmologia.com\\\/ca\\\/#website\",\"url\":\"https:\\\/\\\/gvcoftalmologia.com\\\/ca\\\/\",\"name\":\"gvcoftalmologia.com\",\"description\":\"Just another WordPress site\",\"potentialAction\":[{\"@type\":\"SearchAction\",\"target\":{\"@type\":\"EntryPoint\",\"urlTemplate\":\"https:\\\/\\\/gvcoftalmologia.com\\\/ca\\\/?s={search_term_string}\"},\"query-input\":{\"@type\":\"PropertyValueSpecification\",\"valueRequired\":true,\"valueName\":\"search_term_string\"}}],\"inLanguage\":\"ca\"}]}<\/script>\n<!-- \/ Yoast SEO plugin. -->","yoast_head_json":{"title":"Sra. Adriana Casals - gvcoftalmologia.com","robots":{"index":"index","follow":"follow","max-snippet":"max-snippet:-1","max-image-preview":"max-image-preview:large","max-video-preview":"max-video-preview:-1"},"canonical":"https:\/\/gvcoftalmologia.com\/ca\/cuadro-medico\/sra-adriana-casals\/","og_locale":"ca_ES","og_type":"article","og_title":"Sra. Adriana Casals - gvcoftalmologia.com","og_url":"https:\/\/gvcoftalmologia.com\/ca\/cuadro-medico\/sra-adriana-casals\/","og_site_name":"gvcoftalmologia.com","article_modified_time":"2020-03-19T08:09:55+00:00","twitter_card":"summary_large_image","twitter_misc":{"Temps estimat de lectura":"8 minuts"},"schema":{"@context":"https:\/\/schema.org","@graph":[{"@type":"WebPage","@id":"https:\/\/gvcoftalmologia.com\/ca\/cuadro-medico\/sra-adriana-casals\/","url":"https:\/\/gvcoftalmologia.com\/ca\/cuadro-medico\/sra-adriana-casals\/","name":"Sra. Adriana Casals - gvcoftalmologia.com","isPartOf":{"@id":"https:\/\/gvcoftalmologia.com\/ca\/#website"},"datePublished":"2020-03-16T07:35:41+00:00","dateModified":"2020-03-19T08:09:55+00:00","breadcrumb":{"@id":"https:\/\/gvcoftalmologia.com\/ca\/cuadro-medico\/sra-adriana-casals\/#breadcrumb"},"inLanguage":"ca","potentialAction":[{"@type":"ReadAction","target":["https:\/\/gvcoftalmologia.com\/ca\/cuadro-medico\/sra-adriana-casals\/"]}]},{"@type":"BreadcrumbList","@id":"https:\/\/gvcoftalmologia.com\/ca\/cuadro-medico\/sra-adriana-casals\/#breadcrumb","itemListElement":[{"@type":"ListItem","position":1,"name":"Portada","item":"https:\/\/gvcoftalmologia.com\/ca\/home\/"},{"@type":"ListItem","position":2,"name":"Quadre m\u00e8dic","item":"https:\/\/gvcoftalmologia.com\/ca\/cuadro-medico\/"},{"@type":"ListItem","position":3,"name":"Sra. Adriana Casals"}]},{"@type":"WebSite","@id":"https:\/\/gvcoftalmologia.com\/ca\/#website","url":"https:\/\/gvcoftalmologia.com\/ca\/","name":"gvcoftalmologia.com","description":"Just another WordPress site","potentialAction":[{"@type":"SearchAction","target":{"@type":"EntryPoint","urlTemplate":"https:\/\/gvcoftalmologia.com\/ca\/?s={search_term_string}"},"query-input":{"@type":"PropertyValueSpecification","valueRequired":true,"valueName":"search_term_string"}}],"inLanguage":"ca"}]}},"_links":{"self":[{"href":"https:\/\/gvcoftalmologia.com\/ca\/wp-json\/wp\/v2\/pages\/2085","targetHints":{"allow":["GET"]}}],"collection":[{"href":"https:\/\/gvcoftalmologia.com\/ca\/wp-json\/wp\/v2\/pages"}],"about":[{"href":"https:\/\/gvcoftalmologia.com\/ca\/wp-json\/wp\/v2\/types\/page"}],"author":[{"embeddable":true,"href":"https:\/\/gvcoftalmologia.com\/ca\/wp-json\/wp\/v2\/users\/2"}],"replies":[{"embeddable":true,"href":"https:\/\/gvcoftalmologia.com\/ca\/wp-json\/wp\/v2\/comments?post=2085"}],"version-history":[{"count":6,"href":"https:\/\/gvcoftalmologia.com\/ca\/wp-json\/wp\/v2\/pages\/2085\/revisions"}],"predecessor-version":[{"id":2428,"href":"https:\/\/gvcoftalmologia.com\/ca\/wp-json\/wp\/v2\/pages\/2085\/revisions\/2428"}],"up":[{"embeddable":true,"href":"https:\/\/gvcoftalmologia.com\/ca\/wp-json\/wp\/v2\/pages\/2049"}],"wp:attachment":[{"href":"https:\/\/gvcoftalmologia.com\/ca\/wp-json\/wp\/v2\/media?parent=2085"}],"curies":[{"name":"wp","href":"https:\/\/api.w.org\/{rel}","templated":true}]}}