{"id":2067,"date":"2020-03-16T07:23:27","date_gmt":"2020-03-16T07:23:27","guid":{"rendered":"http:\/\/gvcoftalmologia.com\/cuadro-medico\/dra-isabel-ayet\/"},"modified":"2024-04-05T14:57:27","modified_gmt":"2024-04-05T14:57:27","slug":"dra-isabel-ayet","status":"publish","type":"page","link":"https:\/\/gvcoftalmologia.com\/ca\/cuadro-medico\/dra-isabel-ayet\/","title":{"rendered":"Dra. Isabel Ayet"},"content":{"rendered":"\n<style type=\"text\/css\" data-created_by=\"avia_inline_auto\" id=\"style-css-av-k5nu6l43-05e01ddefb48992ff501676d09c30803\">\n.avia-section.av-k5nu6l43-05e01ddefb48992ff501676d09c30803{\nbackground-color:#036375;\nbackground:linear-gradient( to right, #036375, #19dee5 );\n}\n<\/style>\n<div id='av_section_1'  class='avia-section av-k5nu6l43-05e01ddefb48992ff501676d09c30803 main_color avia-section-default avia-no-border-styling  avia-builder-el-0  el_before_av_section  avia-builder-el-first  avia-bg-style-scroll container_wrap sidebar_right'  ><div class='container av-section-cont-open' ><main  role=\"main\" itemprop=\"mainContentOfPage\"  class='template-page content  av-content-small alpha units'><div class='post-entry post-entry-type-page post-entry-2067'><div class='entry-content-wrapper clearfix'>\n\n<style type=\"text\/css\" data-created_by=\"avia_inline_auto\" id=\"style-css-av-brpn0-d77b95d91db1b22d5d573774d466b1e6\">\n.flex_column.av-brpn0-d77b95d91db1b22d5d573774d466b1e6{\nborder-radius:0px 0px 0px 0px;\npadding:0px 0px 0px 0px;\n}\n<\/style>\n<div  class='flex_column av-brpn0-d77b95d91db1b22d5d573774d466b1e6 av_one_full  avia-builder-el-1  avia-builder-el-no-sibling  first flex_column_div av-zero-column-padding  '     ><style type=\"text\/css\" data-created_by=\"avia_inline_auto\" id=\"style-css-av-k5nue8gi-b01b3f18cea6e57121f9eb8aa12d5a18\">\n#top .av_textblock_section.av-k5nue8gi-b01b3f18cea6e57121f9eb8aa12d5a18 .avia_textblock{\ncolor:#ffffff;\n}\n<\/style>\n<section  class='av_textblock_section av-k5nue8gi-b01b3f18cea6e57121f9eb8aa12d5a18 '   itemscope=\"itemscope\" itemtype=\"https:\/\/schema.org\/CreativeWork\" ><div class='avia_textblock av_inherit_color'  itemprop=\"text\" ><h2 style=\"text-align: center;\">Doctora oftalm\u00f2loga especialitzada<\/h2>\n<\/div><\/section><\/div>\n\n<\/div><\/div><\/main><!-- close content main element --><\/div><\/div><div id='av_section_2'  class='avia-section av-19t98k-111a54bc50234ca7d24838d8e62d537f main_color avia-section-default avia-no-border-styling  avia-builder-el-3  el_after_av_section  avia-builder-el-last  avia-bg-style-scroll container_wrap sidebar_right'  ><div class='container av-section-cont-open' ><div class='template-page content  av-content-small alpha units'><div class='post-entry post-entry-type-page post-entry-2067'><div class='entry-content-wrapper clearfix'>\n\n<style type=\"text\/css\" data-created_by=\"avia_inline_auto\" id=\"style-css-av-f96m4-6099e893638316d2e6d6c27f06374333\">\n.flex_column.av-f96m4-6099e893638316d2e6d6c27f06374333{\nborder-radius:0px 0px 0px 0px;\npadding:0px 0px 0px 0px;\n}\n<\/style>\n<div  class='flex_column av-f96m4-6099e893638316d2e6d6c27f06374333 av_one_full  avia-builder-el-4  el_before_av_one_full  avia-builder-el-first  first flex_column_div av-zero-column-padding  '     ><style type=\"text\/css\" data-created_by=\"avia_inline_auto\" id=\"style-css-av-9k34k-bbdd345896b87c7bcc0a7f3dd48e47b3\">\n#top .av_textblock_section.av-9k34k-bbdd345896b87c7bcc0a7f3dd48e47b3 .avia_textblock{\nfont-size:15px;\ncolor:#1499b5;\n}\n<\/style>\n<section  class='av_textblock_section av-9k34k-bbdd345896b87c7bcc0a7f3dd48e47b3 '   itemscope=\"itemscope\" itemtype=\"https:\/\/schema.org\/CreativeWork\" ><div class='avia_textblock av_inherit_color'  itemprop=\"text\" ><h1 style=\"text-align: center;\"><strong>Dra. Isabel Ayet<\/strong><\/h1>\n<\/div><\/section><br \/>\n\n<style type=\"text\/css\" data-created_by=\"avia_inline_auto\" id=\"style-css-av-k5ntzcf4-f11c7bfdf8cadea051c5ca2c1c2d7505\">\n#top .av_textblock_section.av-k5ntzcf4-f11c7bfdf8cadea051c5ca2c1c2d7505 .avia_textblock{\ncolor:#4c4c4c;\n}\n<\/style>\n<section  class='av_textblock_section av-k5ntzcf4-f11c7bfdf8cadea051c5ca2c1c2d7505 '   itemscope=\"itemscope\" itemtype=\"https:\/\/schema.org\/CreativeWork\" ><div class='avia_textblock av_inherit_color'  itemprop=\"text\" ><p style=\"text-align: center;\"><strong>Oftalm\u00f2loga especialitzada en Oftalmologia Pedi\u00e0trica<\/strong><br \/>\nVisita als Centres M\u00e8dics: Creu Groga i Polim\u00e8dic<\/p>\n<\/div><\/section><\/p><\/div>\n<style type=\"text\/css\" data-created_by=\"avia_inline_auto\" id=\"style-css-av-8wkoc-e39040e6430e1a9091716e595b09a391\">\n.flex_column.av-8wkoc-e39040e6430e1a9091716e595b09a391{\nborder-radius:0px 0px 0px 0px;\npadding:0px 0px 0px 0px;\n}\n<\/style>\n<div  class='flex_column av-8wkoc-e39040e6430e1a9091716e595b09a391 av_one_full  avia-builder-el-7  el_after_av_one_full  el_before_av_one_full  first flex_column_div av-zero-column-padding  column-top-margin'     ><style type=\"text\/css\" data-created_by=\"avia_inline_auto\" id=\"style-css-av-jw6yk-880ef6cdb5ade45876ee453f92a01fba\">\n.avia-image-container.av-jw6yk-880ef6cdb5ade45876ee453f92a01fba img.avia_image{\nbox-shadow:none;\n}\n.avia-image-container.av-jw6yk-880ef6cdb5ade45876ee453f92a01fba .av-image-caption-overlay-center{\ncolor:#ffffff;\n}\n<\/style>\n<div  class='avia-image-container av-jw6yk-880ef6cdb5ade45876ee453f92a01fba av-styling- avia-align-center  avia-builder-el-8  avia-builder-el-no-sibling '   itemprop=\"image\" itemscope=\"itemscope\" itemtype=\"https:\/\/schema.org\/ImageObject\" ><div class=\"avia-image-container-inner\"><div class=\"avia-image-overlay-wrap\"><img decoding=\"async\" fetchpriority=\"high\" class='wp-image-1100 avia-img-lazy-loading-not-1100 avia_image ' src=\"https:\/\/gvcoftalmologia.com\/wp-content\/uploads\/2020\/01\/ISABEL-GVC_INTERIOR_V2.png\" alt='' title='ISABEL-GVC_INTERIOR_V2'  height=\"425\" width=\"425\"  itemprop=\"thumbnailUrl\" srcset=\"https:\/\/gvcoftalmologia.com\/wp-content\/uploads\/2020\/01\/ISABEL-GVC_INTERIOR_V2.png 425w, https:\/\/gvcoftalmologia.com\/wp-content\/uploads\/2020\/01\/ISABEL-GVC_INTERIOR_V2-300x300.png 300w, https:\/\/gvcoftalmologia.com\/wp-content\/uploads\/2020\/01\/ISABEL-GVC_INTERIOR_V2-80x80.png 80w, https:\/\/gvcoftalmologia.com\/wp-content\/uploads\/2020\/01\/ISABEL-GVC_INTERIOR_V2-36x36.png 36w, https:\/\/gvcoftalmologia.com\/wp-content\/uploads\/2020\/01\/ISABEL-GVC_INTERIOR_V2-180x180.png 180w, https:\/\/gvcoftalmologia.com\/wp-content\/uploads\/2020\/01\/ISABEL-GVC_INTERIOR_V2-100x100.png 100w\" sizes=\"(max-width: 425px) 100vw, 425px\" \/><\/div><\/div><\/div><\/div>\n<style type=\"text\/css\" data-created_by=\"avia_inline_auto\" id=\"style-css-av-11kek-ed5f522e0068f49ef1a7a80b7260fad5\">\n.flex_column.av-11kek-ed5f522e0068f49ef1a7a80b7260fad5{\nborder-radius:0px 0px 0px 0px;\npadding:0px 0px 0px 0px;\n}\n<\/style>\n<div  class='flex_column av-11kek-ed5f522e0068f49ef1a7a80b7260fad5 av_one_full  avia-builder-el-9  el_after_av_one_full  el_before_av_one_half  first flex_column_div av-zero-column-padding  column-top-margin'     ><style type=\"text\/css\" data-created_by=\"avia_inline_auto\" id=\"style-css-av-k5nuudjh-f8d9e9174224f9ccaf04ee340765b3f5\">\n#top .av_textblock_section.av-k5nuudjh-f8d9e9174224f9ccaf04ee340765b3f5 .avia_textblock{\ncolor:#1499b5;\n}\n<\/style>\n<section  class='av_textblock_section av-k5nuudjh-f8d9e9174224f9ccaf04ee340765b3f5 '   itemscope=\"itemscope\" itemtype=\"https:\/\/schema.org\/CreativeWork\" ><div class='avia_textblock av_inherit_color'  itemprop=\"text\" ><h2 style=\"text-align: center;\">CURR\u00cdCULUM PROFESSIONAL<\/h2>\n<\/div><\/section><\/div><div class='flex_column_table av-hcoz8-cbd7544d3bc88988d71abba0295144c0 sc-av_one_half av-equal-height-column-flextable'>\n<style type=\"text\/css\" data-created_by=\"avia_inline_auto\" id=\"style-css-av-hcoz8-cbd7544d3bc88988d71abba0295144c0\">\n#top .flex_column_table.av-equal-height-column-flextable.av-hcoz8-cbd7544d3bc88988d71abba0295144c0{\nmargin-top:-10px;\nmargin-bottom:-10px;\n}\n.flex_column.av-hcoz8-cbd7544d3bc88988d71abba0295144c0{\nborder-radius:0px 0px 0px 0px;\npadding:0px 0px 0px 0px;\n}\n<\/style>\n<div  class='flex_column av-hcoz8-cbd7544d3bc88988d71abba0295144c0 av_one_half  avia-builder-el-11  el_after_av_one_full  el_before_av_one_half  first flex_column_table_cell av-equal-height-column av-align-top av-zero-column-padding  column-top-margin'     ><section  class='av_textblock_section av-k5nz7p8c-eb2ed125a95007f4dc1e5bd0b68ce95f '   itemscope=\"itemscope\" itemtype=\"https:\/\/schema.org\/CreativeWork\" ><div class='avia_textblock'  itemprop=\"text\" ><p class=\"p1\">La Dra. Isabel Ayet, especialista en Oftalmologia Pedi\u00e0trica, es va llicenciar en Medicina i Cirurgia a la Universitat Aut\u00f2noma de Barcelona (UAB) i posteriorment va accedir a una pla\u00e7a MIR com a resident d&#8217;Oftalmologia a l&#8217;Hospital Sagrat Cor i l\u2019Institut Catal\u00e0 de la Retina de Barcelona (ICR).<\/p>\n<p class=\"p1\">Va realitzar els cursos de Doctorat i va aconseguir la sufici\u00e8ncia investigadora a l&#8217;Hospital de la Vall d\u2019Hebron (Barcelona). Posteriorment va realitzar un <strong>M\u00e0ster en Oftalmologia Pedi\u00e0trica a l&#8217;Hospital<br \/>\nmatern infantil de Sant Joan de D\u00e9u (Esplugues del Llobregat) per la Universitat de Barcelona (UB).<\/strong><\/p>\n<p class=\"p1\">Durant la seva formaci\u00f3 ha superat els ex\u00e0mens corresponents al <strong><em>\u201cInternational Council of Ophthalmology\u201d en les seves tres<br \/>\nfases: Basic Science, Optics and Refraction and Clinical Science. Tamb\u00e9 <strong><em>va completar la seva formaci\u00f3 a Londres als hospitals The Royal London Hospital (retinoblastoma), Sant Bartholomew\u2019s Hospital (oncologia ocular general), Moorfields Eye Hospital (oncologia ocular general).<\/em><\/strong><\/em><\/strong><\/p>\n<\/div><\/section><\/div><div class='av-flex-placeholder'><\/div>\n<style type=\"text\/css\" data-created_by=\"avia_inline_auto\" id=\"style-css-av-8ibk4-1aae59bf339ba774674e995acd13f9d0\">\n#top .flex_column_table.av-equal-height-column-flextable.av-8ibk4-1aae59bf339ba774674e995acd13f9d0{\nmargin-top:-10px;\nmargin-bottom:-10px;\n}\n.flex_column.av-8ibk4-1aae59bf339ba774674e995acd13f9d0{\nborder-radius:0px 0px 0px 0px;\npadding:0px 0px 0px 0px;\n}\n<\/style>\n<div  class='flex_column av-8ibk4-1aae59bf339ba774674e995acd13f9d0 av_one_half  avia-builder-el-13  el_after_av_one_half  el_before_av_one_full  flex_column_table_cell av-equal-height-column av-align-top av-zero-column-padding  column-top-margin'     ><section  class='av_textblock_section av-k5nz88q7-2753d4f802b330293986c47356190d3d '   itemscope=\"itemscope\" itemtype=\"https:\/\/schema.org\/CreativeWork\" ><div class='avia_textblock'  itemprop=\"text\" ><p class=\"p1\">Des de febrer del 2017<strong> tamb\u00e9 treballa com a metge adjunt del<br \/>\ndepartament d&#8217;oftalmologia de l&#8217;Hospital matern infantil Sant Joan de D\u00e9u a Esplugues del Llobregat<br \/>\n(Barcelona).<\/strong><\/p>\n<p class=\"p1\">La Dra. Ayet combina la seva activitat cl\u00ednica, quir\u00fargica i de formaci\u00f3 de residents, amb pon\u00e8ncies i presentacions en cursos i congressos.<\/p>\n<p class=\"p1\"><strong>\u00c9s membre de la Societat Catalana d\u2019Oftalmologia i de la Societat Espanyola de Retina.<\/strong><\/p>\n<\/div><\/section><\/div><\/div><!--close column table wrapper. Autoclose: 1 -->\n<style type=\"text\/css\" data-created_by=\"avia_inline_auto\" id=\"style-css-av-acm4s-8935991b64e43ebcab1e954fc2740b6c\">\n.flex_column.av-acm4s-8935991b64e43ebcab1e954fc2740b6c{\nborder-radius:0px 0px 0px 0px;\npadding:0px 0px 0px 0px;\n}\n<\/style>\n<div  class='flex_column av-acm4s-8935991b64e43ebcab1e954fc2740b6c av_one_full  avia-builder-el-15  el_after_av_one_half  el_before_av_one_half  first flex_column_div av-zero-column-padding  column-top-margin'     ><p>\n<style type=\"text\/css\" data-created_by=\"avia_inline_auto\" id=\"style-css-av-k5pkykdi-517604e664d1e57ec099bd1a515de5f3\">\n#top .hr.hr-invisible.av-k5pkykdi-517604e664d1e57ec099bd1a515de5f3{\nheight:40px;\n}\n<\/style>\n<div  class='hr av-k5pkykdi-517604e664d1e57ec099bd1a515de5f3 hr-invisible  avia-builder-el-16  el_before_av_font_icon  avia-builder-el-first '><span class='hr-inner '><span class=\"hr-inner-style\"><\/span><\/span><\/div><br \/>\n\n<style type=\"text\/css\" data-created_by=\"avia_inline_auto\" id=\"style-css-av-k5pkxiyw-80f4cec08558d4a0b1d22379344dac55\">\n.av_font_icon.av-k5pkxiyw-80f4cec08558d4a0b1d22379344dac55{\ncolor:#939393;\nborder-color:#939393;\n}\n.av_font_icon.av-k5pkxiyw-80f4cec08558d4a0b1d22379344dac55 .av-icon-char{\nfont-size:50px;\nline-height:50px;\n}\n<\/style>\n<span  class='av_font_icon av-k5pkxiyw-80f4cec08558d4a0b1d22379344dac55 avia_animate_when_visible av-icon-style- avia-icon-pos-center avia-icon-animate'><span class='av-icon-char' aria-hidden='true' data-av_icon='\ue80b' data-av_iconfont='entypo-fontello' ><\/span><\/span><br \/>\n\n<style type=\"text\/css\" data-created_by=\"avia_inline_auto\" id=\"style-css-av-k5pkykdi-d44cc305e5add984ac7827f83f3e4455\">\n#top .hr.hr-invisible.av-k5pkykdi-d44cc305e5add984ac7827f83f3e4455{\nheight:10px;\n}\n<\/style>\n<div  class='hr av-k5pkykdi-d44cc305e5add984ac7827f83f3e4455 hr-invisible  avia-builder-el-18  el_after_av_font_icon  el_before_av_textblock '><span class='hr-inner '><span class=\"hr-inner-style\"><\/span><\/span><\/div><br \/>\n\n<style type=\"text\/css\" data-created_by=\"avia_inline_auto\" id=\"style-css-av-k5o0abgt-5b48bff5d4ac73f6621cde8626bc5cc2\">\n#top .av_textblock_section.av-k5o0abgt-5b48bff5d4ac73f6621cde8626bc5cc2 .avia_textblock{\ncolor:#1499b5;\n}\n<\/style>\n<section  class='av_textblock_section av-k5o0abgt-5b48bff5d4ac73f6621cde8626bc5cc2 '   itemscope=\"itemscope\" itemtype=\"https:\/\/schema.org\/CreativeWork\" ><div class='avia_textblock av_inherit_color'  itemprop=\"text\" ><h1 style=\"text-align: center;\">DEMANAR CITA<\/h1>\n<\/div><\/section><\/p><\/div>\n<style type=\"text\/css\" data-created_by=\"avia_inline_auto\" id=\"style-css-av-ge9zt-20685bb17c96102987c1890f891c25f2\">\n.flex_column.av-ge9zt-20685bb17c96102987c1890f891c25f2{\nborder-radius:0px 0px 0px 0px;\npadding:0px 0px 0px 0px;\n}\n<\/style>\n<div  class='flex_column av-ge9zt-20685bb17c96102987c1890f891c25f2 av_one_half  avia-builder-el-20  el_after_av_one_full  el_before_av_one_half  first flex_column_div av-zero-column-padding  column-top-margin'     ><style type=\"text\/css\" data-created_by=\"avia_inline_auto\" id=\"style-css-av-k5nyky0w-f6774c2b605ae0f883a4502169f0d7b6\">\n.iconbox.av-k5nyky0w-f6774c2b605ae0f883a4502169f0d7b6 .iconbox_icon{\nbackground-color:#cccccc;\n}\n#top #wrap_all .iconbox.av-k5nyky0w-f6774c2b605ae0f883a4502169f0d7b6 .iconbox_content_title{\ncolor:#666666;\n}\n.iconbox.av-k5nyky0w-f6774c2b605ae0f883a4502169f0d7b6 .iconbox_content_container{\ncolor:#666666;\n}\n<\/style>\n<article  class='iconbox iconbox_top av-k5nyky0w-f6774c2b605ae0f883a4502169f0d7b6  avia-builder-el-21  avia-builder-el-no-sibling  main_color'  itemscope=\"itemscope\" itemtype=\"https:\/\/schema.org\/CreativeWork\" ><div class=\"iconbox_content\"><header class=\"entry-content-header\"><div class=\"iconbox_icon heading-color\" aria-hidden='true' data-av_icon='' data-av_iconfont='entypo-fontello'><\/div><h3 class='iconbox_content_title '  itemprop=\"headline\" ><a href='https:\/\/www.creugroga.com\/contacta-amb-nosaltres\/' title='Demana cita amb la Dra. Ayet'  >Demana cita amb la Dra. Ayet<\/a><\/h3><\/header><div class='iconbox_content_container av_inherit_color'  itemprop=\"text\" ><h3><strong>al Centre M\u00e8dic CreuGroga<\/strong><\/h3>\n<\/div><\/div><footer class=\"entry-footer\"><\/footer><\/article><\/div>\n<style type=\"text\/css\" data-created_by=\"avia_inline_auto\" id=\"style-css-av-ge9zt-7347c7f35dc5f3c039408f8f8e9db6eb\">\n.flex_column.av-ge9zt-7347c7f35dc5f3c039408f8f8e9db6eb{\nborder-radius:0px 0px 0px 0px;\npadding:0px 0px 0px 0px;\n}\n<\/style>\n<div  class='flex_column av-ge9zt-7347c7f35dc5f3c039408f8f8e9db6eb av_one_half  avia-builder-el-22  el_after_av_one_half  el_before_av_hr  flex_column_div av-zero-column-padding  column-top-margin'     ><style type=\"text\/css\" data-created_by=\"avia_inline_auto\" id=\"style-css-av-k5nyky0w-1fced9349052d0ba6d16add41cf13dee\">\n.iconbox.av-k5nyky0w-1fced9349052d0ba6d16add41cf13dee .iconbox_icon{\nbackground-color:#cccccc;\n}\n#top #wrap_all .iconbox.av-k5nyky0w-1fced9349052d0ba6d16add41cf13dee .iconbox_content_title{\ncolor:#666666;\n}\n.iconbox.av-k5nyky0w-1fced9349052d0ba6d16add41cf13dee .iconbox_content_container{\ncolor:#666666;\n}\n<\/style>\n<article  class='iconbox iconbox_top av-k5nyky0w-1fced9349052d0ba6d16add41cf13dee  avia-builder-el-23  avia-builder-el-no-sibling  main_color'  itemscope=\"itemscope\" itemtype=\"https:\/\/schema.org\/CreativeWork\" ><div class=\"iconbox_content\"><header class=\"entry-content-header\"><div class=\"iconbox_icon heading-color\" aria-hidden='true' data-av_icon='' data-av_iconfont='entypo-fontello'><\/div><h3 class='iconbox_content_title '  itemprop=\"headline\" ><a href='https:\/\/polimedic-blanes.com\/citaonline\/' title='Demana cita amb la Dra. Ayet'  >Demana cita amb la Dra. Ayet<\/a><\/h3><\/header><div class='iconbox_content_container av_inherit_color'  itemprop=\"text\" ><h3><strong>al Centre M\u00e8dic Polim\u00e8dic<\/strong><\/h3>\n<\/div><\/div><footer class=\"entry-footer\"><\/footer><\/article><\/div>\n<style type=\"text\/css\" data-created_by=\"avia_inline_auto\" id=\"style-css-av-k5pkykdi-99e934bf98a179b8bca6fe2111fef56e\">\n#top .hr.hr-invisible.av-k5pkykdi-99e934bf98a179b8bca6fe2111fef56e{\nheight:50px;\n}\n<\/style>\n<div  class='hr av-k5pkykdi-99e934bf98a179b8bca6fe2111fef56e hr-invisible  avia-builder-el-24  el_after_av_one_half  avia-builder-el-last '><span class='hr-inner '><span class=\"hr-inner-style\"><\/span><\/span><\/div>\n<\/div><\/div><\/div><!-- close content main div --><\/div><\/div><div id='after_section_2'  class='main_color av_default_container_wrap container_wrap sidebar_right'  ><div class='container av-section-cont-open' ><div class='template-page content  av-content-small alpha units'><div class='post-entry post-entry-type-page post-entry-2067'><div class='entry-content-wrapper clearfix'>\n","protected":false},"excerpt":{"rendered":"","protected":false},"author":2,"featured_media":0,"parent":2049,"menu_order":0,"comment_status":"closed","ping_status":"closed","template":"","meta":{"footnotes":""},"class_list":["post-2067","page","type-page","status-publish","hentry"],"yoast_head":"<!-- This site is optimized with the Yoast SEO plugin v27.4 - https:\/\/yoast.com\/product\/yoast-seo-wordpress\/ -->\n<title>Dra. Isabel Ayet - gvcoftalmologia.com<\/title>\n<meta name=\"robots\" content=\"index, follow, max-snippet:-1, max-image-preview:large, max-video-preview:-1\" \/>\n<link rel=\"canonical\" href=\"https:\/\/gvcoftalmologia.com\/ca\/cuadro-medico\/dra-isabel-ayet\/\" \/>\n<meta property=\"og:locale\" content=\"ca_ES\" \/>\n<meta property=\"og:type\" content=\"article\" \/>\n<meta property=\"og:title\" content=\"Dra. Isabel Ayet - gvcoftalmologia.com\" \/>\n<meta property=\"og:url\" content=\"https:\/\/gvcoftalmologia.com\/ca\/cuadro-medico\/dra-isabel-ayet\/\" \/>\n<meta property=\"og:site_name\" content=\"gvcoftalmologia.com\" \/>\n<meta property=\"article:modified_time\" content=\"2024-04-05T14:57:27+00:00\" \/>\n<meta name=\"twitter:card\" content=\"summary_large_image\" \/>\n<meta name=\"twitter:label1\" content=\"Temps estimat de lectura\" \/>\n\t<meta name=\"twitter:data1\" content=\"2 minuts\" \/>\n<script type=\"application\/ld+json\" class=\"yoast-schema-graph\">{\"@context\":\"https:\\\/\\\/schema.org\",\"@graph\":[{\"@type\":\"WebPage\",\"@id\":\"https:\\\/\\\/gvcoftalmologia.com\\\/ca\\\/cuadro-medico\\\/dra-isabel-ayet\\\/\",\"url\":\"https:\\\/\\\/gvcoftalmologia.com\\\/ca\\\/cuadro-medico\\\/dra-isabel-ayet\\\/\",\"name\":\"Dra. Isabel Ayet - gvcoftalmologia.com\",\"isPartOf\":{\"@id\":\"https:\\\/\\\/gvcoftalmologia.com\\\/ca\\\/#website\"},\"datePublished\":\"2020-03-16T07:23:27+00:00\",\"dateModified\":\"2024-04-05T14:57:27+00:00\",\"breadcrumb\":{\"@id\":\"https:\\\/\\\/gvcoftalmologia.com\\\/ca\\\/cuadro-medico\\\/dra-isabel-ayet\\\/#breadcrumb\"},\"inLanguage\":\"ca\",\"potentialAction\":[{\"@type\":\"ReadAction\",\"target\":[\"https:\\\/\\\/gvcoftalmologia.com\\\/ca\\\/cuadro-medico\\\/dra-isabel-ayet\\\/\"]}]},{\"@type\":\"BreadcrumbList\",\"@id\":\"https:\\\/\\\/gvcoftalmologia.com\\\/ca\\\/cuadro-medico\\\/dra-isabel-ayet\\\/#breadcrumb\",\"itemListElement\":[{\"@type\":\"ListItem\",\"position\":1,\"name\":\"Portada\",\"item\":\"https:\\\/\\\/gvcoftalmologia.com\\\/ca\\\/home\\\/\"},{\"@type\":\"ListItem\",\"position\":2,\"name\":\"Quadre m\u00e8dic\",\"item\":\"https:\\\/\\\/gvcoftalmologia.com\\\/ca\\\/cuadro-medico\\\/\"},{\"@type\":\"ListItem\",\"position\":3,\"name\":\"Dra. Isabel Ayet\"}]},{\"@type\":\"WebSite\",\"@id\":\"https:\\\/\\\/gvcoftalmologia.com\\\/ca\\\/#website\",\"url\":\"https:\\\/\\\/gvcoftalmologia.com\\\/ca\\\/\",\"name\":\"gvcoftalmologia.com\",\"description\":\"Just another WordPress site\",\"potentialAction\":[{\"@type\":\"SearchAction\",\"target\":{\"@type\":\"EntryPoint\",\"urlTemplate\":\"https:\\\/\\\/gvcoftalmologia.com\\\/ca\\\/?s={search_term_string}\"},\"query-input\":{\"@type\":\"PropertyValueSpecification\",\"valueRequired\":true,\"valueName\":\"search_term_string\"}}],\"inLanguage\":\"ca\"}]}<\/script>\n<!-- \/ Yoast SEO plugin. -->","yoast_head_json":{"title":"Dra. Isabel Ayet - gvcoftalmologia.com","robots":{"index":"index","follow":"follow","max-snippet":"max-snippet:-1","max-image-preview":"max-image-preview:large","max-video-preview":"max-video-preview:-1"},"canonical":"https:\/\/gvcoftalmologia.com\/ca\/cuadro-medico\/dra-isabel-ayet\/","og_locale":"ca_ES","og_type":"article","og_title":"Dra. Isabel Ayet - gvcoftalmologia.com","og_url":"https:\/\/gvcoftalmologia.com\/ca\/cuadro-medico\/dra-isabel-ayet\/","og_site_name":"gvcoftalmologia.com","article_modified_time":"2024-04-05T14:57:27+00:00","twitter_card":"summary_large_image","twitter_misc":{"Temps estimat de lectura":"2 minuts"},"schema":{"@context":"https:\/\/schema.org","@graph":[{"@type":"WebPage","@id":"https:\/\/gvcoftalmologia.com\/ca\/cuadro-medico\/dra-isabel-ayet\/","url":"https:\/\/gvcoftalmologia.com\/ca\/cuadro-medico\/dra-isabel-ayet\/","name":"Dra. Isabel Ayet - gvcoftalmologia.com","isPartOf":{"@id":"https:\/\/gvcoftalmologia.com\/ca\/#website"},"datePublished":"2020-03-16T07:23:27+00:00","dateModified":"2024-04-05T14:57:27+00:00","breadcrumb":{"@id":"https:\/\/gvcoftalmologia.com\/ca\/cuadro-medico\/dra-isabel-ayet\/#breadcrumb"},"inLanguage":"ca","potentialAction":[{"@type":"ReadAction","target":["https:\/\/gvcoftalmologia.com\/ca\/cuadro-medico\/dra-isabel-ayet\/"]}]},{"@type":"BreadcrumbList","@id":"https:\/\/gvcoftalmologia.com\/ca\/cuadro-medico\/dra-isabel-ayet\/#breadcrumb","itemListElement":[{"@type":"ListItem","position":1,"name":"Portada","item":"https:\/\/gvcoftalmologia.com\/ca\/home\/"},{"@type":"ListItem","position":2,"name":"Quadre m\u00e8dic","item":"https:\/\/gvcoftalmologia.com\/ca\/cuadro-medico\/"},{"@type":"ListItem","position":3,"name":"Dra. Isabel Ayet"}]},{"@type":"WebSite","@id":"https:\/\/gvcoftalmologia.com\/ca\/#website","url":"https:\/\/gvcoftalmologia.com\/ca\/","name":"gvcoftalmologia.com","description":"Just another WordPress site","potentialAction":[{"@type":"SearchAction","target":{"@type":"EntryPoint","urlTemplate":"https:\/\/gvcoftalmologia.com\/ca\/?s={search_term_string}"},"query-input":{"@type":"PropertyValueSpecification","valueRequired":true,"valueName":"search_term_string"}}],"inLanguage":"ca"}]}},"_links":{"self":[{"href":"https:\/\/gvcoftalmologia.com\/ca\/wp-json\/wp\/v2\/pages\/2067","targetHints":{"allow":["GET"]}}],"collection":[{"href":"https:\/\/gvcoftalmologia.com\/ca\/wp-json\/wp\/v2\/pages"}],"about":[{"href":"https:\/\/gvcoftalmologia.com\/ca\/wp-json\/wp\/v2\/types\/page"}],"author":[{"embeddable":true,"href":"https:\/\/gvcoftalmologia.com\/ca\/wp-json\/wp\/v2\/users\/2"}],"replies":[{"embeddable":true,"href":"https:\/\/gvcoftalmologia.com\/ca\/wp-json\/wp\/v2\/comments?post=2067"}],"version-history":[{"count":17,"href":"https:\/\/gvcoftalmologia.com\/ca\/wp-json\/wp\/v2\/pages\/2067\/revisions"}],"predecessor-version":[{"id":4202,"href":"https:\/\/gvcoftalmologia.com\/ca\/wp-json\/wp\/v2\/pages\/2067\/revisions\/4202"}],"up":[{"embeddable":true,"href":"https:\/\/gvcoftalmologia.com\/ca\/wp-json\/wp\/v2\/pages\/2049"}],"wp:attachment":[{"href":"https:\/\/gvcoftalmologia.com\/ca\/wp-json\/wp\/v2\/media?parent=2067"}],"curies":[{"name":"wp","href":"https:\/\/api.w.org\/{rel}","templated":true}]}}